{"id":29,"date":"2025-08-18T10:58:31","date_gmt":"2025-08-18T08:58:31","guid":{"rendered":"https:\/\/www.enterprisearkitekt.se\/startsida\/"},"modified":"2025-10-24T09:34:55","modified_gmt":"2025-10-24T07:34:55","slug":"start","status":"publish","type":"page","link":"https:\/\/enterprisearkitekt.se\/sv\/","title":{"rendered":"Start"},"content":{"rendered":"<div class=\"wp-block-group alignfull has-background-background-color has-background has-global-padding is-layout-constrained wp-container-core-group-is-layout-1765a8f1 wp-block-group-is-layout-constrained\" style=\"margin-top:0;margin-bottom:0;padding-top:var(--wp--preset--spacing--30);padding-bottom:var(--wp--preset--spacing--60)\">\n<div class=\"wp-block-columns alignwide are-vertically-aligned-center has-tertiary-background-color has-background is-layout-flex wp-container-core-columns-is-layout-103b4147 wp-block-columns-is-layout-flex\" style=\"border-top-left-radius:1rem;border-top-right-radius:1rem;border-bottom-left-radius:1rem;border-bottom-right-radius:10rem;padding-top:var(--wp--preset--spacing--60);padding-right:var(--wp--preset--spacing--50);padding-bottom:var(--wp--preset--spacing--60);padding-left:var(--wp--preset--spacing--50)\">\n<div class=\"wp-block-column is-vertically-aligned-center is-layout-flow wp-block-column-is-layout-flow\">\n<div class=\"wp-block-group has-global-padding is-content-justification-left is-layout-constrained wp-container-core-group-is-layout-12dd3699 wp-block-group-is-layout-constrained\">\n<h1 class=\"wp-block-heading\">Uppt\u00e4ck rollen som enterprisearkitekt<\/h1>\n\n\n\n<p style=\"margin-top:16px\">L\u00e4r dig vad som g\u00f6r enterprisearkitektur avg\u00f6rande f\u00f6r f\u00f6retag, f\u00e5 insikter fr\u00e5n akademisk forskning och uppt\u00e4ck hur v\u00e5ra utbildningsprogram kan f\u00f6rb\u00e4ttra din karri\u00e4r inom omr\u00e5det.<\/p>\n\n\n\n<p>Denna webbplats \u00e4r avsedd f\u00f6r framtida tillv\u00e4xt  genom etablering av en enterprisearkitektur funktion under ledning av em enterprisearkitekt<\/p>\n\n\n\n<p>Avsikten med denna webbplats \u00e4r att ge en kortfattad orientering om v\u00e5r masteruppsats i informatik vid <a href=\"http:\/\/www.ituniv.se\/english\/?languageId=100001&amp;disableRedirect=true&amp;returnUrl=http%3A%2F%2Fwww.ituniv.se%2F\" target=\"_blank\" rel=\"noreferrer noopener\">Chalmers tekniska h\u00f6gskola &amp; G\u00f6teborgs universitet <\/a>under v\u00e5ren 2015 med titeln \"<a href=\"http:\/\/enterprisearchitect.se\/docs\/Besker_Olsson_EnterpriseArchitectCompiled.pdf\" target=\"_blank\" rel=\"noreferrer noopener\"><strong>Yrket som enterprisearkitekt<\/strong><\/a>\".<\/p>\n<\/div>\n\n\n\n<p>Terese Besker &amp; Rolf Olsson<\/p>\n\n\n\n<div class=\"wp-block-group has-global-padding is-content-justification-left is-layout-constrained wp-container-core-group-is-layout-12dd3699 wp-block-group-is-layout-constrained\">\n<div class=\"wp-block-buttons is-content-justification-left is-layout-flex wp-container-core-buttons-is-layout-ec155617 wp-block-buttons-is-layout-flex\" style=\"margin-top:var(--wp--preset--spacing--40)\">\n<div class=\"wp-block-button\"><a class=\"wp-block-button__link wp-element-button\" href=\"https:\/\/enterprisearkitekt.se\/sv\/startsida\/introduktion-till-ett-yrke-som-enterprisearkitekt\/\">L\u00e4s mer<\/a><\/div>\n<\/div>\n<\/div>\n<\/div>\n\n\n\n<div class=\"wp-block-column is-vertically-aligned-center is-layout-flow wp-block-column-is-layout-flow\" style=\"flex-basis:30%\">\n<figure class=\"wp-block-image size-large has-custom-border is-style-default\"><img loading=\"lazy\" decoding=\"async\" width=\"1024\" height=\"683\" src=\"https:\/\/enterprisearkitekt.se\/wp-content\/uploads\/2025\/08\/featured-image-2-1024x683.jpg\" alt=\"F\u00f6retagsarkitekter som kontrollerar sina insatser\" class=\"wp-image-35\" style=\"border-radius:20rem;aspect-ratio:2\/3;object-fit:cover\" srcset=\"https:\/\/enterprisearkitekt.se\/wp-content\/uploads\/2025\/08\/featured-image-2-1024x683.jpg 1024w, https:\/\/enterprisearkitekt.se\/wp-content\/uploads\/2025\/08\/featured-image-2-300x200.jpg 300w, https:\/\/enterprisearkitekt.se\/wp-content\/uploads\/2025\/08\/featured-image-2-768x512.jpg 768w, https:\/\/enterprisearkitekt.se\/wp-content\/uploads\/2025\/08\/featured-image-2.jpg 1470w\" sizes=\"auto, (max-width: 1024px) 100vw, 1024px\" \/><\/figure>\n<\/div>\n<\/div>\n<\/div>\n\n\n\n<div class=\"wp-block-group alignfull has-tertiary-background-color has-background has-global-padding is-layout-constrained wp-container-core-group-is-layout-7276a2bb wp-block-group-is-layout-constrained\" id=\"om\" style=\"margin-top:0;margin-bottom:0;padding-top:var(--wp--preset--spacing--60);padding-right:var(--wp--preset--spacing--30);padding-bottom:var(--wp--preset--spacing--60);padding-left:var(--wp--preset--spacing--30)\">\n<div class=\"wp-block-columns alignwide are-vertically-aligned-center is-layout-flex wp-container-core-columns-is-layout-47c06fe3 wp-block-columns-is-layout-flex\">\n<div class=\"wp-block-column is-vertically-aligned-center is-layout-flow wp-container-core-column-is-layout-f5bb311e wp-block-column-is-layout-flow\" style=\"flex-basis:50%\">\n<div class=\"wp-block-group has-global-padding is-layout-constrained wp-container-core-group-is-layout-279e0ccb wp-block-group-is-layout-constrained\">\n<figure class=\"wp-block-image size-large has-custom-border\"><img loading=\"lazy\" decoding=\"async\" width=\"1024\" height=\"683\" src=\"https:\/\/enterprisearkitekt.se\/wp-content\/uploads\/2025\/08\/hello-world-featured-1024x683.jpg\" alt=\"Planeringsm\u00f6te f\u00f6r Enterprise Architect\" class=\"wp-image-47\" style=\"border-radius:20rem;aspect-ratio:3\/4;object-fit:cover\" srcset=\"https:\/\/enterprisearkitekt.se\/wp-content\/uploads\/2025\/08\/hello-world-featured-1024x683.jpg 1024w, https:\/\/enterprisearkitekt.se\/wp-content\/uploads\/2025\/08\/hello-world-featured-300x200.jpg 300w, https:\/\/enterprisearkitekt.se\/wp-content\/uploads\/2025\/08\/hello-world-featured-768x512.jpg 768w, https:\/\/enterprisearkitekt.se\/wp-content\/uploads\/2025\/08\/hello-world-featured-1536x1024.jpg 1536w, https:\/\/enterprisearkitekt.se\/wp-content\/uploads\/2025\/08\/hello-world-featured-2048x1365.jpg 2048w\" sizes=\"auto, (max-width: 1024px) 100vw, 1024px\" \/><\/figure>\n<\/div>\n<\/div>\n\n\n\n<div class=\"wp-block-column is-vertically-aligned-center is-layout-flow wp-block-column-is-layout-flow\" style=\"flex-basis:60%\">\n<h2 class=\"wp-block-heading has-large-font-size\">Utforska rollen och betydelsen av enterprisearkitektur<\/h2>\n\n\n\n<p style=\"margin-top:16px\">Den h\u00e4r sidan ger en djupg\u00e5ende presentation av enterprisearkitektens roll, dess akademiska grund och praktiska till\u00e4mpningar, vilket ger en tydlig f\u00f6rst\u00e5else f\u00f6r yrkets inverkan p\u00e5 aff\u00e4rsutveckling och strategiska m\u00e5l.<\/p>\n<\/div>\n<\/div>\n<\/div>\n\n\n\n<div class=\"wp-block-group alignfull has-background-background-color has-background has-global-padding is-layout-constrained wp-container-core-group-is-layout-28549256 wp-block-group-is-layout-constrained\" id=\"blogg\" style=\"margin-top:0;margin-bottom:0;padding-top:var(--wp--preset--spacing--60);padding-right:var(--wp--preset--spacing--30);padding-bottom:var(--wp--preset--spacing--60);padding-left:var(--wp--preset--spacing--30)\">\n<div class=\"wp-block-group alignwide has-global-padding is-content-justification-center is-layout-constrained wp-block-group-is-layout-constrained\">\n<h2 class=\"wp-block-heading has-text-align-center has-large-font-size\">Blogg<\/h2>\n\n\n\n<p class=\"has-text-align-center\" style=\"margin-top:16px\">H\u00e4r hittar du en introduktion till v\u00e5r blogg med utvalda inl\u00e4gg, expertanalyser och v\u00e4rdefulla resurser som f\u00f6rdjupar din f\u00f6rst\u00e5else f\u00f6r f\u00f6retagsarkitektur.<\/p>\n<\/div>\n\n\n\n<div data-wp-context=\"{}\" data-wp-interactive=\"core\/query\" data-wp-key=\"10\" data-wp-router-region=\"query-10\" class=\"wp-block-query alignwide is-layout-flow wp-block-query-is-layout-flow\">\n\n<div class=\"wp-block-query-no-results\">\n\n<p><\/p>\n\n<\/div><\/div>\n\n\n\n<div class=\"wp-block-buttons is-content-justification-center is-layout-flex wp-container-core-buttons-is-layout-d8c0be80 wp-block-buttons-is-layout-flex\" style=\"margin-top:var(--wp--preset--spacing--40)\"><\/div>\n<\/div>\n\n\n\n<div class=\"wp-block-group alignfull has-tertiary-background-color has-background has-global-padding is-layout-constrained wp-container-core-group-is-layout-7276a2bb wp-block-group-is-layout-constrained\" style=\"margin-top:0;margin-bottom:0;padding-top:var(--wp--preset--spacing--60);padding-right:var(--wp--preset--spacing--30);padding-bottom:var(--wp--preset--spacing--60);padding-left:var(--wp--preset--spacing--30)\">\n<div class=\"wp-block-group has-global-padding is-layout-constrained wp-block-group-is-layout-constrained\">\n<h2 class=\"wp-block-heading has-text-align-center has-large-font-size\">Vad inneb\u00e4r yrkesrollen som enterprisearkitekt?<\/h2>\n\n\n\n<p class=\"has-text-align-center\" style=\"margin-top:16px\">H\u00e4r kan du f\u00f6rdjupa dina kunskaper, anm\u00e4la dig till kurser eller f\u00f6lja v\u00e5r blogg f\u00f6r att utveckla dina f\u00e4rdigheter inom f\u00f6retagsarkitektur. Ta steget att st\u00e4rka din karri\u00e4r redan idag.<\/p>\n\n\n\n<div class=\"wp-block-buttons is-content-justification-center is-layout-flex wp-container-core-buttons-is-layout-720bcce9 wp-block-buttons-is-layout-flex\">\n<div class=\"wp-block-button is-style-outline is-style-outline--1\"><a class=\"wp-block-button__link wp-element-button\" href=\"https:\/\/enterprisearkitekt.se\/sv\/om\/\">Uppt\u00e4ck mer<\/a><\/div>\n\n\n\n<div class=\"wp-block-button\"><a class=\"wp-block-button__link wp-element-button\" href=\"https:\/\/enterprisearkitekt.se\/sv\/startsida\/slutsats-forskningsresultat\/enterprisearkitekt-fem-foprskningsfynd\/\">L\u00e4s vidare<\/a><\/div>\n<\/div>\n<\/div>\n<\/div>\n\n\n\n<div class=\"wp-block-group alignfull has-background-background-color has-background has-global-padding is-layout-constrained wp-container-core-group-is-layout-7276a2bb wp-block-group-is-layout-constrained\" style=\"margin-top:0;margin-bottom:0;padding-top:var(--wp--preset--spacing--60);padding-right:var(--wp--preset--spacing--30);padding-bottom:var(--wp--preset--spacing--60);padding-left:var(--wp--preset--spacing--30)\">\n<div class=\"wp-block-group alignwide has-global-padding is-content-justification-center is-layout-constrained wp-block-group-is-layout-constrained\">\n<h3 class=\"wp-block-heading has-text-align-center\" style=\"margin-top:12px\">Utforska rollen som enterprisearkitekt<\/h3>\n\n\n\n<p class=\"has-text-align-center\" style=\"margin-top:16px\">I detta avsnitt presenteras viktiga insikter och statistik om de kritiska faktorerna f\u00f6r f\u00f6retagsarkitektur.<\/p>\n<\/div>\n\n\n\n<div class=\"wp-block-columns alignwide is-layout-flex wp-container-core-columns-is-layout-643ced6b wp-block-columns-is-layout-flex\">\n<div class=\"wp-block-column is-layout-flow wp-block-column-is-layout-flow\">\n<h3 class=\"wp-block-heading has-text-align-center has-primary-color has-text-color has-large-font-size\">310<\/h3>\n\n\n\n<h3 class=\"wp-block-heading has-text-align-center\" style=\"margin-top:16px;font-size:clamp(14px, 0.875rem + ((1vw - 3.2px) * 0.192), 18px);font-style:normal;font-weight:400\">Nyckeltal Ett<\/h3>\n<\/div>\n\n\n\n<div class=\"wp-block-column is-layout-flow wp-block-column-is-layout-flow\">\n<h3 class=\"wp-block-heading has-text-align-center has-primary-color has-text-color has-large-font-size\">320<\/h3>\n\n\n\n<h3 class=\"wp-block-heading has-text-align-center\" style=\"margin-top:16px;font-size:clamp(14px, 0.875rem + ((1vw - 3.2px) * 0.192), 18px);font-style:normal;font-weight:400\">Nyckeltal Tre<\/h3>\n<\/div>\n\n\n\n<div class=\"wp-block-column is-layout-flow wp-block-column-is-layout-flow\">\n<h3 class=\"wp-block-heading has-text-align-center has-primary-color has-text-color has-large-font-size\">400<\/h3>\n\n\n\n<h3 class=\"wp-block-heading has-text-align-center\" style=\"margin-top:16px;font-size:clamp(14px, 0.875rem + ((1vw - 3.2px) * 0.192), 18px);font-style:normal;font-weight:400\">Nyckeltal Fyra<\/h3>\n<\/div>\n\n\n\n<div class=\"wp-block-column is-layout-flow wp-block-column-is-layout-flow\">\n<h3 class=\"wp-block-heading has-text-align-center has-primary-color has-text-color has-large-font-size\">210<\/h3>\n\n\n\n<h3 class=\"wp-block-heading has-text-align-center\" style=\"margin-top:16px;font-size:clamp(14px, 0.875rem + ((1vw - 3.2px) * 0.192), 18px);font-style:normal;font-weight:400\">Nyckeltal Tv\u00e5<\/h3>\n<\/div>\n<\/div>\n<\/div>\n\n\n\n<div class=\"wp-block-group alignfull has-tertiary-background-color has-background has-global-padding is-layout-constrained wp-container-core-group-is-layout-7276a2bb wp-block-group-is-layout-constrained\" id=\"resurser\" style=\"margin-top:0;margin-bottom:0;padding-top:var(--wp--preset--spacing--60);padding-right:var(--wp--preset--spacing--30);padding-bottom:var(--wp--preset--spacing--60);padding-left:var(--wp--preset--spacing--30)\">\n<div class=\"wp-block-group alignwide has-global-padding is-content-justification-center is-layout-constrained wp-block-group-is-layout-constrained\">\n<h2 class=\"wp-block-heading has-text-align-center has-large-font-size\" style=\"margin-top:12px\">Enterprisearkitekturens roll i moderna organisationer<\/h2>\n\n\n\n<p class=\"has-text-align-center\" style=\"margin-top:16px\">H\u00e4r hittar du viktiga resurser som hj\u00e4lper dig att utvecklas inom f\u00f6retagsarkitektur och relaterade omr\u00e5den.<\/p>\n<\/div>\n\n\n\n<div class=\"wp-block-columns alignwide is-layout-flex wp-container-core-columns-is-layout-a88a3fd8 wp-block-columns-is-layout-flex\">\n<div class=\"wp-block-column is-vertically-aligned-stretch is-layout-flow wp-block-column-is-layout-flow\">\n<div class=\"wp-block-group has-background-background-color has-background has-global-padding is-layout-constrained wp-container-core-group-is-layout-8e8a6b4a wp-block-group-is-layout-constrained\" style=\"border-top-left-radius:20rem;border-top-right-radius:20rem;border-bottom-left-radius:1rem;border-bottom-right-radius:1rem;min-height:100%;padding-top:0;padding-right:0;padding-bottom:var(--wp--preset--spacing--40);padding-left:0\">\n<figure class=\"wp-block-image size-large has-custom-border\"><img loading=\"lazy\" decoding=\"async\" width=\"1024\" height=\"683\" src=\"https:\/\/enterprisearkitekt.se\/wp-content\/uploads\/2025\/08\/featured-image-6-1024x683.jpg\" alt=\"Enterprise Architect \u00f6verv\u00e4ger metadataobjekt\" class=\"wp-image-43\" style=\"border-top-left-radius:20rem;border-top-right-radius:20rem;border-bottom-left-radius:0rem;border-bottom-right-radius:0rem;aspect-ratio:4\/3;object-fit:cover\" srcset=\"https:\/\/enterprisearkitekt.se\/wp-content\/uploads\/2025\/08\/featured-image-6-1024x683.jpg 1024w, https:\/\/enterprisearkitekt.se\/wp-content\/uploads\/2025\/08\/featured-image-6-300x200.jpg 300w, https:\/\/enterprisearkitekt.se\/wp-content\/uploads\/2025\/08\/featured-image-6-768x513.jpg 768w, https:\/\/enterprisearkitekt.se\/wp-content\/uploads\/2025\/08\/featured-image-6.jpg 1470w\" sizes=\"auto, (max-width: 1024px) 100vw, 1024px\" \/><\/figure>\n\n\n\n<h3 class=\"wp-block-heading has-text-align-center\" style=\"padding-right:var(--wp--preset--spacing--30);padding-left:var(--wp--preset--spacing--30);font-size:clamp(0.984rem, 0.984rem + ((1vw - 0.2rem) * 0.397), 1.5rem);line-height:1.5\">Introduktion till enterprisearkitektur<\/h3>\n\n\n\n<p class=\"has-text-align-center has-small-font-size\" style=\"margin-top:8px;padding-right:var(--wp--preset--spacing--30);padding-left:var(--wp--preset--spacing--30)\">Grundl\u00e4ggande koncept f\u00f6r att bygga upp en stark arkitektonisk f\u00f6rst\u00e5else.<\/p>\n\n\n\n<div class=\"wp-block-buttons is-content-justification-center is-layout-flex wp-container-core-buttons-is-layout-a89b3969 wp-block-buttons-is-layout-flex\">\n<div class=\"wp-block-button\"><a class=\"wp-block-button__link has-small-font-size has-custom-font-size wp-element-button\" href=\"https:\/\/enterprisearkitekt.se\/sv\/startsida\/affarsarkitektur\/\">Uppt\u00e4ck mer<\/a><\/div>\n<\/div>\n<\/div>\n<\/div>\n\n\n\n<div class=\"wp-block-column is-vertically-aligned-stretch is-layout-flow wp-block-column-is-layout-flow\">\n<div class=\"wp-block-group has-background-background-color has-background has-global-padding is-layout-constrained wp-container-core-group-is-layout-8e8a6b4a wp-block-group-is-layout-constrained\" style=\"border-top-left-radius:20rem;border-top-right-radius:20rem;border-bottom-left-radius:1rem;border-bottom-right-radius:1rem;min-height:100%;padding-top:0;padding-right:0;padding-bottom:var(--wp--preset--spacing--40);padding-left:0\">\n<figure class=\"wp-block-image size-large has-custom-border\"><img loading=\"lazy\" decoding=\"async\" width=\"1024\" height=\"683\" src=\"https:\/\/enterprisearkitekt.se\/wp-content\/uploads\/2025\/08\/featured-image-4-1024x683.jpg\" alt=\"Instrumentpanel f\u00f6r Enterprise Architect\" class=\"wp-image-39\" style=\"border-top-left-radius:20rem;border-top-right-radius:20rem;border-bottom-left-radius:0rem;border-bottom-right-radius:0rem;aspect-ratio:4\/3;object-fit:cover\" srcset=\"https:\/\/enterprisearkitekt.se\/wp-content\/uploads\/2025\/08\/featured-image-4-1024x683.jpg 1024w, https:\/\/enterprisearkitekt.se\/wp-content\/uploads\/2025\/08\/featured-image-4-300x200.jpg 300w, https:\/\/enterprisearkitekt.se\/wp-content\/uploads\/2025\/08\/featured-image-4-768x512.jpg 768w, https:\/\/enterprisearkitekt.se\/wp-content\/uploads\/2025\/08\/featured-image-4.jpg 1470w\" sizes=\"auto, (max-width: 1024px) 100vw, 1024px\" \/><\/figure>\n\n\n\n<h3 class=\"wp-block-heading has-text-align-center\" style=\"padding-right:var(--wp--preset--spacing--30);padding-left:var(--wp--preset--spacing--30);font-size:clamp(0.984rem, 0.984rem + ((1vw - 0.2rem) * 0.397), 1.5rem);line-height:1.5\">Strategier och metoder<\/h3>\n\n\n\n<p class=\"has-text-align-center has-small-font-size\" style=\"margin-top:8px;padding-right:var(--wp--preset--spacing--30);padding-left:var(--wp--preset--spacing--30)\">F\u00f6rdjupa dig i avancerade modeller och till\u00e4mpningar inom omr\u00e5det.<\/p>\n\n\n\n<div class=\"wp-block-buttons is-content-justification-center is-layout-flex wp-container-core-buttons-is-layout-a89b3969 wp-block-buttons-is-layout-flex\">\n<div class=\"wp-block-button\"><a class=\"wp-block-button__link has-small-font-size has-custom-font-size wp-element-button\" href=\"https:\/\/enterprisearkitekt.se\/sv\/startsida\/it-management\/\">Uppt\u00e4ck mer<\/a><\/div>\n<\/div>\n<\/div>\n<\/div>\n\n\n\n<div class=\"wp-block-column is-vertically-aligned-stretch is-layout-flow wp-block-column-is-layout-flow\">\n<div class=\"wp-block-group has-background-background-color has-background has-global-padding is-layout-constrained wp-container-core-group-is-layout-8e8a6b4a wp-block-group-is-layout-constrained\" style=\"border-top-left-radius:20rem;border-top-right-radius:20rem;border-bottom-left-radius:1rem;border-bottom-right-radius:1rem;min-height:100%;padding-top:0;padding-right:0;padding-bottom:var(--wp--preset--spacing--40);padding-left:0\">\n<figure class=\"wp-block-image has-custom-border\"><img loading=\"lazy\" decoding=\"async\" width=\"1440\" height=\"960\" class=\"wp-image-378\" src=\"https:\/\/enterprisearkitekt.se\/wp-content\/uploads\/2025\/10\/6d0b6ecda744f54079e079b7e1fa4b6663786839.jpg\" alt=\"Enterprise Architect i diskussion om en Enterprise Architect-fr\u00e5ga inom verktyget\" style=\"border-top-left-radius:20rem;border-top-right-radius:20rem;border-bottom-left-radius:0rem;border-bottom-right-radius:0rem;aspect-ratio:4\/3;object-fit:cover\" srcset=\"https:\/\/enterprisearkitekt.se\/wp-content\/uploads\/2025\/10\/6d0b6ecda744f54079e079b7e1fa4b6663786839.jpg 1440w, https:\/\/enterprisearkitekt.se\/wp-content\/uploads\/2025\/10\/6d0b6ecda744f54079e079b7e1fa4b6663786839-300x200.jpg 300w, https:\/\/enterprisearkitekt.se\/wp-content\/uploads\/2025\/10\/6d0b6ecda744f54079e079b7e1fa4b6663786839-1024x683.jpg 1024w, https:\/\/enterprisearkitekt.se\/wp-content\/uploads\/2025\/10\/6d0b6ecda744f54079e079b7e1fa4b6663786839-768x512.jpg 768w, https:\/\/enterprisearkitekt.se\/wp-content\/uploads\/2025\/10\/6d0b6ecda744f54079e079b7e1fa4b6663786839-18x12.jpg 18w\" sizes=\"auto, (max-width: 1440px) 100vw, 1440px\" \/><\/figure>\n\n\n\n<h3 class=\"wp-block-heading has-text-align-center\" style=\"padding-right:var(--wp--preset--spacing--30);padding-left:var(--wp--preset--spacing--30);font-size:clamp(0.984rem, 0.984rem + ((1vw - 0.2rem) * 0.397), 1.5rem);line-height:1.5\">Verktyg och till\u00e4mpningar<\/h3>\n\n\n\n<p class=\"has-text-align-center has-small-font-size\" style=\"margin-top:8px;padding-right:var(--wp--preset--spacing--30);padding-left:var(--wp--preset--spacing--30)\">L\u00e4r dig mer om praktiska verktyg och hur de anv\u00e4nds i verkliga projekt.<\/p>\n\n\n\n<div class=\"wp-block-buttons is-content-justification-center is-layout-flex wp-container-core-buttons-is-layout-a89b3969 wp-block-buttons-is-layout-flex\">\n<div class=\"wp-block-button\"><a class=\"wp-block-button__link has-small-font-size has-custom-font-size wp-element-button\" href=\"https:\/\/enterprisearkitekt.se\/sv\/startsida\/it-management\/enterprisearkitektur-teoretiskt-ramverk\/\">Uppt\u00e4ck mer<\/a><\/div>\n<\/div>\n<\/div>\n<\/div>\n<\/div>\n<\/div>","protected":false},"excerpt":{"rendered":"<p>Discover the Role of an Enterprise Architect Learn what makes enterprise architecture vital for businesses, gain insights from academic research, and discover how our training programs can enhance your career in the field. This site is intended the future business success by establishment of the Enterprise Architectural function guided by the Enterprise Architect. The intention [&hellip;]<\/p>\n","protected":false},"author":2,"featured_media":0,"parent":0,"menu_order":0,"comment_status":"closed","ping_status":"closed","template":"no-title","meta":{"om_disable_all_campaigns":false,"_monsterinsights_skip_tracking":false,"_monsterinsights_sitenote_active":false,"_monsterinsights_sitenote_note":"","_monsterinsights_sitenote_category":0,"footnotes":""},"class_list":["post-29","page","type-page","status-publish","hentry"],"aioseo_notices":[],"_links":{"self":[{"href":"https:\/\/enterprisearkitekt.se\/sv\/wp-json\/wp\/v2\/pages\/29","targetHints":{"allow":["GET"]}}],"collection":[{"href":"https:\/\/enterprisearkitekt.se\/sv\/wp-json\/wp\/v2\/pages"}],"about":[{"href":"https:\/\/enterprisearkitekt.se\/sv\/wp-json\/wp\/v2\/types\/page"}],"author":[{"embeddable":true,"href":"https:\/\/enterprisearkitekt.se\/sv\/wp-json\/wp\/v2\/users\/2"}],"replies":[{"embeddable":true,"href":"https:\/\/enterprisearkitekt.se\/sv\/wp-json\/wp\/v2\/comments?post=29"}],"version-history":[{"count":2,"href":"https:\/\/enterprisearkitekt.se\/sv\/wp-json\/wp\/v2\/pages\/29\/revisions"}],"predecessor-version":[{"id":379,"href":"https:\/\/enterprisearkitekt.se\/sv\/wp-json\/wp\/v2\/pages\/29\/revisions\/379"}],"wp:attachment":[{"href":"https:\/\/enterprisearkitekt.se\/sv\/wp-json\/wp\/v2\/media?parent=29"}],"curies":[{"name":"wp","href":"https:\/\/api.w.org\/{rel}","templated":true}]}}