{"id":263,"date":"2025-09-23T09:56:08","date_gmt":"2025-09-23T07:56:08","guid":{"rendered":"https:\/\/enterprisearkitekt.se\/?page_id=263"},"modified":"2025-10-23T22:16:50","modified_gmt":"2025-10-23T20:16:50","slug":"public-relations","status":"publish","type":"page","link":"https:\/\/enterprisearkitekt.se\/sv\/start\/public-relations\/","title":{"rendered":"Public Relations"},"content":{"rendered":"<div class=\"wp-block-group alignfull has-background-background-color has-background has-global-padding is-layout-constrained wp-container-core-group-is-layout-7276a2bb wp-block-group-is-layout-constrained\" style=\"margin-top:0;margin-bottom:0;padding-top:var(--wp--preset--spacing--60);padding-right:var(--wp--preset--spacing--30);padding-bottom:var(--wp--preset--spacing--60);padding-left:var(--wp--preset--spacing--30)\">\n<div class=\"wp-block-columns alignwide are-vertically-aligned-center is-layout-flex wp-container-core-columns-is-layout-47c06fe3 wp-block-columns-is-layout-flex\">\n<div class=\"wp-block-column is-vertically-aligned-center is-layout-flow wp-block-column-is-layout-flow\" style=\"flex-basis:60%\">\n<h2 class=\"wp-block-heading has-large-font-size\">Utforska v\u00e5rt engagemang f\u00f6r excellens och innovation<\/h2>\n\n\n\n<p style=\"margin-top:16px\">Den h\u00e4r webbplatsen ger en djupg\u00e5ende inblick i de centrala m\u00e5len, v\u00e4gledande principerna och den grundl\u00e4ggande historien bakom rollen som enterprisearkitekt, med betoning p\u00e5 den expertis och professionalism som formar konsultverksamhet inom enterprisearkitektur.<\/p>\n<\/div>\n\n\n\n<div class=\"wp-block-column is-vertically-aligned-center is-layout-flow wp-container-core-column-is-layout-f5bb311e wp-block-column-is-layout-flow\" style=\"flex-basis:50%\">\n<figure class=\"wp-block-image size-full is-resized has-custom-border\" style=\"margin-top:0;margin-bottom:0\"><img loading=\"lazy\" decoding=\"async\" width=\"1280\" height=\"1162\" src=\"https:\/\/enterprisearkitekt.se\/wp-content\/uploads\/2025\/09\/fulllogo_transparent_nobuffer-2.png\" alt=\"Logotyp EnterpriseArchitect.se\" class=\"wp-image-266\" style=\"border-style:none;border-width:0px;aspect-ratio:1;object-fit:contain;width:500px\" srcset=\"https:\/\/enterprisearkitekt.se\/wp-content\/uploads\/2025\/09\/fulllogo_transparent_nobuffer-2.png 1280w, https:\/\/enterprisearkitekt.se\/wp-content\/uploads\/2025\/09\/fulllogo_transparent_nobuffer-2-300x272.png 300w, https:\/\/enterprisearkitekt.se\/wp-content\/uploads\/2025\/09\/fulllogo_transparent_nobuffer-2-1024x930.png 1024w, https:\/\/enterprisearkitekt.se\/wp-content\/uploads\/2025\/09\/fulllogo_transparent_nobuffer-2-768x697.png 768w, https:\/\/enterprisearkitekt.se\/wp-content\/uploads\/2025\/09\/fulllogo_transparent_nobuffer-2-13x12.png 13w\" sizes=\"auto, (max-width: 1280px) 100vw, 1280px\" \/><\/figure>\n<\/div>\n<\/div>\n<\/div>\n\n\n\n<div class=\"wp-block-group alignfull has-tertiary-background-color has-background has-global-padding is-layout-constrained wp-container-core-group-is-layout-68d5e5bb wp-block-group-is-layout-constrained\" style=\"margin-top:0;margin-bottom:0;padding-top:var(--wp--preset--spacing--50);padding-right:var(--wp--preset--spacing--30);padding-bottom:var(--wp--preset--spacing--60);padding-left:var(--wp--preset--spacing--30)\">\n<div class=\"wp-block-columns alignwide is-layout-flex wp-container-core-columns-is-layout-47c06fe3 wp-block-columns-is-layout-flex\">\n<div class=\"wp-block-column is-layout-flow wp-block-column-is-layout-flow\">\n<h2 class=\"wp-block-heading has-large-font-size\">Uppt\u00e4ck Strategisk Public Relations<\/h2>\n\n\n\n<p style=\"margin-top:16px\">En \u00f6versikt \u00f6ver hur PR \u00f6kar genomslaf\u00f6r enterprisearkitektur.<\/p>\n<\/div>\n\n\n\n<div class=\"wp-block-column is-layout-flow wp-block-column-is-layout-flow\">\n<div class=\"wp-block-group has-global-padding is-layout-constrained wp-block-group-is-layout-constrained\">\n<h3 class=\"wp-block-heading\" style=\"margin-top:16px;font-size:clamp(14px, 0.875rem + ((1vw - 3.2px) * 0.288), 20px);line-height:1.5\">Kommunicera v\u00e4rde<\/h3>\n\n\n\n<p class=\"has-small-font-size\" style=\"margin-top:8px\">Utforma tydliga budskap f\u00f6r att lyfta fram arkitektoniska f\u00f6rdelar.<\/p>\n<\/div>\n\n\n\n<div class=\"wp-block-group has-global-padding is-layout-constrained wp-block-group-is-layout-constrained\">\n<h3 class=\"wp-block-heading\" style=\"margin-top:16px;font-size:clamp(14px, 0.875rem + ((1vw - 3.2px) * 0.288), 20px);line-height:1.5\">Engagemang fr\u00e5n intressenter<\/h3>\n\n\n\n<p class=\"has-small-font-size\" style=\"margin-top:8px\">Bygga relationer f\u00f6r att st\u00f6dja f\u00f6retagsinitiativ.<\/p>\n<\/div>\n\n\n\n<div class=\"wp-block-group has-global-padding is-layout-constrained wp-block-group-is-layout-constrained\">\n<h3 class=\"wp-block-heading\" style=\"margin-top:16px;font-size:clamp(14px, 0.875rem + ((1vw - 3.2px) * 0.288), 20px);line-height:1.5\">Medierelationer<\/h3>\n\n\n\n<p class=\"has-small-font-size\" style=\"margin-top:8px\">Utnyttja presskanaler f\u00f6r att marknadsf\u00f6ra arkitekturinsikter.<\/p>\n<\/div>\n<\/div>\n\n\n\n<div class=\"wp-block-column is-layout-flow wp-block-column-is-layout-flow\">\n<div class=\"wp-block-group has-global-padding is-layout-constrained wp-block-group-is-layout-constrained\">\n<h3 class=\"wp-block-heading\" style=\"margin-top:16px;font-size:clamp(14px, 0.875rem + ((1vw - 3.2px) * 0.288), 20px);line-height:1.5\">Intern kommunikation<\/h3>\n\n\n\n<p class=\"has-small-font-size\" style=\"margin-top:8px\">Samordna team genom konsekventa meddelanden och uppdateringar.<\/p>\n<\/div>\n\n\n\n<div class=\"wp-block-group has-global-padding is-layout-constrained wp-block-group-is-layout-constrained\">\n<h3 class=\"wp-block-heading\" style=\"margin-top:16px;font-size:clamp(14px, 0.875rem + ((1vw - 3.2px) * 0.288), 20px);line-height:1.5\">M\u00e4tning och \u00e5terkoppling<\/h3>\n\n\n\n<p class=\"has-small-font-size\" style=\"margin-top:8px\">Utv\u00e4rdering av PR-effektivitet f\u00f6r att f\u00f6rfina kommunikationsstrategier.<\/p>\n<\/div>\n<\/div>\n<\/div>\n<\/div>\n\n\n\n<div class=\"wp-block-group alignfull has-background-background-color has-background has-global-padding is-layout-constrained wp-container-core-group-is-layout-7276a2bb wp-block-group-is-layout-constrained\" style=\"margin-top:0;margin-bottom:0;padding-top:var(--wp--preset--spacing--60);padding-right:var(--wp--preset--spacing--30);padding-bottom:var(--wp--preset--spacing--60);padding-left:var(--wp--preset--spacing--30)\">\n<div class=\"wp-block-columns alignwide is-layout-flex wp-container-core-columns-is-layout-28f84493 wp-block-columns-is-layout-flex\">\n<div class=\"wp-block-column is-layout-flow wp-container-core-column-is-layout-119bc444 wp-block-column-is-layout-flow\">\n<h2 class=\"wp-block-heading has-large-font-size\">Public Relations inom enterprisearkitektur<\/h2>\n\n\n\n<p style=\"margin-top:16px\">Uppt\u00e4ck hur strategisk kommunikation \u00f6kar f\u00f6rst\u00e5elsen f\u00f6r och st\u00f6det till enterprisearkitektur genom att knyta samman intressenter och visa p\u00e5 dess v\u00e4rde.<\/p>\n\n\n\n<div class=\"wp-block-buttons is-content-justification-left is-layout-flex wp-container-core-buttons-is-layout-fc4fd283 wp-block-buttons-is-layout-flex\">\n<div class=\"wp-block-button is-style-fill\"><a class=\"wp-block-button__link wp-element-button\" href=\"https:\/\/enterprisearkitekt.se\/sv\/start\/introduktion-till-ett-yrke-som-enterprisearkitekt\/\">L\u00e4r dig mer<\/a><\/div>\n<\/div>\n<\/div>\n\n\n\n<div class=\"wp-block-column is-layout-flow wp-container-core-column-is-layout-8a368f38 wp-block-column-is-layout-flow\">\n<div class=\"wp-block-columns is-layout-flex wp-container-core-columns-is-layout-28f84493 wp-block-columns-is-layout-flex\">\n<div class=\"wp-block-column is-vertically-aligned-stretch is-layout-flow wp-container-core-column-is-layout-8a368f38 wp-block-column-is-layout-flow\" style=\"flex-basis:48px\">\n<div class=\"wp-block-group has-global-padding is-layout-constrained wp-container-core-group-is-layout-4b2ef9fa wp-block-group-is-layout-constrained\">\n<div class=\"wp-block-group is-vertical is-content-justification-center is-nowrap is-layout-flex wp-container-core-group-is-layout-22bbd74c wp-block-group-is-layout-flex\" style=\"border-width:1px;border-radius:20rem;min-height:48px;padding-top:var(--wp--preset--spacing--20);padding-right:var(--wp--preset--spacing--20);padding-bottom:var(--wp--preset--spacing--20);padding-left:var(--wp--preset--spacing--20)\">\n<p class=\"has-small-font-size\" style=\"font-style:normal;font-weight:500;line-height:1\">1<\/p>\n<\/div>\n<\/div>\n\n\n\n<div class=\"wp-block-group has-global-padding is-layout-constrained wp-container-core-group-is-layout-aeac42b8 wp-block-group-is-layout-constrained\" style=\"min-height:100%\">\n<div class=\"wp-block-group has-foreground-background-color has-background is-vertical is-layout-flex wp-container-core-group-is-layout-2be940f7 wp-block-group-is-layout-flex\" style=\"min-height:100%;padding-top:0;padding-right:0.03rem;padding-bottom:0;padding-left:0.03rem\">\n<div style=\"height:0px\" aria-hidden=\"true\" class=\"wp-block-spacer wp-container-content-759e20a8\"><\/div>\n<\/div>\n<\/div>\n<\/div>\n\n\n\n<div class=\"wp-block-column is-layout-flow wp-block-column-is-layout-flow\">\n<h3 class=\"wp-block-heading\" style=\"font-size:clamp(0.984rem, 0.984rem + ((1vw - 0.2rem) * 0.397), 1.5rem);line-height:1.5\">Steg ett: Skapa medvetenhet<\/h3>\n\n\n\n<p class=\"has-small-font-size\" style=\"margin-top:8px\">B\u00f6rja med att introducera begrepp och f\u00f6rdelar med enterprisearkitektur f\u00f6r din publik och skapa en tydlig grund f\u00f6r fortsatt engagemang.<\/p>\n<\/div>\n<\/div>\n\n\n\n<div class=\"wp-block-columns is-layout-flex wp-container-core-columns-is-layout-28f84493 wp-block-columns-is-layout-flex\">\n<div class=\"wp-block-column is-vertically-aligned-stretch is-layout-flow wp-container-core-column-is-layout-8a368f38 wp-block-column-is-layout-flow\" style=\"flex-basis:48px\">\n<div class=\"wp-block-group has-global-padding is-layout-constrained wp-container-core-group-is-layout-4b2ef9fa wp-block-group-is-layout-constrained\">\n<div class=\"wp-block-group is-vertical is-content-justification-center is-nowrap is-layout-flex wp-container-core-group-is-layout-22bbd74c wp-block-group-is-layout-flex\" style=\"border-width:1px;border-radius:20rem;min-height:48px;padding-top:var(--wp--preset--spacing--20);padding-right:var(--wp--preset--spacing--20);padding-bottom:var(--wp--preset--spacing--20);padding-left:var(--wp--preset--spacing--20)\">\n<p class=\"has-small-font-size\" style=\"font-style:normal;font-weight:500;line-height:1\">2<\/p>\n<\/div>\n<\/div>\n\n\n\n<div class=\"wp-block-group has-global-padding is-layout-constrained wp-container-core-group-is-layout-aeac42b8 wp-block-group-is-layout-constrained\" style=\"min-height:100%\">\n<div class=\"wp-block-group has-foreground-background-color has-background has-global-padding is-layout-constrained wp-container-core-group-is-layout-d9cda1d1 wp-block-group-is-layout-constrained\" style=\"min-height:100%;padding-top:0;padding-right:0.03rem;padding-bottom:0;padding-left:0.03rem\">\n<div style=\"height:100px\" aria-hidden=\"true\" class=\"wp-block-spacer\"><\/div>\n<\/div>\n<\/div>\n<\/div>\n\n\n\n<div class=\"wp-block-column is-layout-flow wp-block-column-is-layout-flow\">\n<h3 class=\"wp-block-heading\" style=\"font-size:clamp(0.984rem, 0.984rem + ((1vw - 0.2rem) * 0.397), 1.5rem);line-height:1.5\">Steg tv\u00e5: Engagera intressenter<\/h3>\n\n\n\n<p class=\"has-small-font-size\" style=\"margin-top:8px\">Kommunicera effektivt med viktiga parter och anpassa budskap till deras behov f\u00f6r att fr\u00e4mja samarbete och st\u00f6d f\u00f6r initiativ inom enterprisearkitektur<\/p>\n<\/div>\n<\/div>\n\n\n\n<div class=\"wp-block-columns is-layout-flex wp-container-core-columns-is-layout-28f84493 wp-block-columns-is-layout-flex\">\n<div class=\"wp-block-column is-vertically-aligned-stretch is-layout-flow wp-container-core-column-is-layout-8a368f38 wp-block-column-is-layout-flow\" style=\"flex-basis:48px\">\n<div class=\"wp-block-group has-global-padding is-layout-constrained wp-container-core-group-is-layout-4b2ef9fa wp-block-group-is-layout-constrained\">\n<div class=\"wp-block-group is-vertical is-content-justification-center is-nowrap is-layout-flex wp-container-core-group-is-layout-22bbd74c wp-block-group-is-layout-flex\" style=\"border-width:1px;border-radius:20rem;min-height:48px;padding-top:var(--wp--preset--spacing--20);padding-right:var(--wp--preset--spacing--20);padding-bottom:var(--wp--preset--spacing--20);padding-left:var(--wp--preset--spacing--20)\">\n<p class=\"has-small-font-size\" style=\"font-style:normal;font-weight:500;line-height:1\">3<\/p>\n<\/div>\n<\/div>\n<\/div>\n\n\n\n<div class=\"wp-block-column is-layout-flow wp-block-column-is-layout-flow\">\n<h3 class=\"wp-block-heading\" style=\"font-size:clamp(0.984rem, 0.984rem + ((1vw - 0.2rem) * 0.397), 1.5rem);line-height:1.5\">Steg tre: Uppr\u00e4tth\u00e5lla effekten<\/h3>\n\n\n\n<p class=\"has-small-font-size\" style=\"margin-top:8px\">Uppr\u00e4tth\u00e5ll en konsekvent dialog och visa p\u00e5 v\u00e4rdet aventerprisearkitektur f\u00f6r att s\u00e4kerst\u00e4lla ett l\u00e5ngsiktigt engagemang och ett framg\u00e5ngsrikt inf\u00f6rande.<\/p>\n<\/div>\n<\/div>\n<\/div>\n<\/div>\n<\/div>\n\n\n\n<div class=\"wp-block-group alignfull has-tertiary-background-color has-background has-global-padding is-layout-constrained wp-container-core-group-is-layout-7276a2bb wp-block-group-is-layout-constrained\" style=\"margin-top:0;margin-bottom:0;padding-top:var(--wp--preset--spacing--60);padding-right:var(--wp--preset--spacing--30);padding-bottom:var(--wp--preset--spacing--60);padding-left:var(--wp--preset--spacing--30)\">\n<div class=\"wp-block-group alignwide has-global-padding is-content-justification-center is-layout-constrained wp-block-group-is-layout-constrained\">\n<h2 class=\"wp-block-heading has-text-align-center has-large-font-size\">Utforska insikter om strategisk kommunikation<\/h2>\n\n\n\n<p class=\"has-text-align-center\" style=\"margin-top:16px\">I det h\u00e4r avsnittet presenteras viktiga resurser som belyser PR:s rollenterprisearkitekturren.<\/p>\n<\/div>\n\n\n\n<div class=\"wp-block-columns alignwide is-layout-flex wp-container-core-columns-is-layout-a88a3fd8 wp-block-columns-is-layout-flex\">\n<div class=\"wp-block-column is-layout-flow wp-block-column-is-layout-flow\">\n<figure class=\"wp-block-image ext-aspect-landscape\"><img loading=\"lazy\" decoding=\"async\" width=\"1440\" height=\"1080\" class=\"wp-image-390\" src=\"https:\/\/enterprisearkitekt.se\/wp-content\/uploads\/2025\/10\/2f480d24ad296f5ca857f47c7facb51deb07a752.jpg\" alt=\"PR-team f\u00f6r Enterprise Architect\" style=\"aspect-ratio:4\/3;object-fit:cover\" srcset=\"https:\/\/enterprisearkitekt.se\/wp-content\/uploads\/2025\/10\/2f480d24ad296f5ca857f47c7facb51deb07a752.jpg 1440w, https:\/\/enterprisearkitekt.se\/wp-content\/uploads\/2025\/10\/2f480d24ad296f5ca857f47c7facb51deb07a752-300x225.jpg 300w, https:\/\/enterprisearkitekt.se\/wp-content\/uploads\/2025\/10\/2f480d24ad296f5ca857f47c7facb51deb07a752-1024x768.jpg 1024w, https:\/\/enterprisearkitekt.se\/wp-content\/uploads\/2025\/10\/2f480d24ad296f5ca857f47c7facb51deb07a752-768x576.jpg 768w, https:\/\/enterprisearkitekt.se\/wp-content\/uploads\/2025\/10\/2f480d24ad296f5ca857f47c7facb51deb07a752-16x12.jpg 16w\" sizes=\"auto, (max-width: 1440px) 100vw, 1440px\" \/><\/figure>\n\n\n\n<h3 class=\"wp-block-heading has-text-align-center\" style=\"margin-top:24px;font-size:clamp(14px, 0.875rem + ((1vw - 3.2px) * 0.288), 20px);line-height:1.5\">PR-grunder<\/h3>\n\n\n\n<p class=\"has-text-align-center has-small-font-size\" style=\"margin-top:8px\">F\u00f6rst\u00e5 de grundl\u00e4ggande principer som formar effektiv kommunikation med st\u00f6d fr\u00e5n enterprisearkitektur.<\/p>\n\n\n\n<div class=\"wp-block-buttons is-content-justification-center is-layout-flex wp-container-core-buttons-is-layout-a89b3969 wp-block-buttons-is-layout-flex\">\n<div class=\"wp-block-button\"><a class=\"wp-block-button__link has-small-font-size has-custom-font-size wp-element-button\" href=\"https:\/\/enterprisearkitekt.se\/sv\/start\/affarsarkitektur\/\">L\u00e4s mer om<\/a><\/div>\n<\/div>\n<\/div>\n\n\n\n<div class=\"wp-block-column is-layout-flow wp-block-column-is-layout-flow\">\n<figure class=\"wp-block-image ext-aspect-landscape\"><img loading=\"lazy\" decoding=\"async\" width=\"1440\" height=\"960\" class=\"wp-image-391\" src=\"https:\/\/enterprisearkitekt.se\/wp-content\/uploads\/2025\/10\/8b0849ff4b9d66df36800340b031d241cd63d547.jpg\" alt=\"Enterprise Architect Kommunikationstaktik\" style=\"aspect-ratio:4\/3;object-fit:cover\" srcset=\"https:\/\/enterprisearkitekt.se\/wp-content\/uploads\/2025\/10\/8b0849ff4b9d66df36800340b031d241cd63d547.jpg 1440w, https:\/\/enterprisearkitekt.se\/wp-content\/uploads\/2025\/10\/8b0849ff4b9d66df36800340b031d241cd63d547-300x200.jpg 300w, https:\/\/enterprisearkitekt.se\/wp-content\/uploads\/2025\/10\/8b0849ff4b9d66df36800340b031d241cd63d547-1024x683.jpg 1024w, https:\/\/enterprisearkitekt.se\/wp-content\/uploads\/2025\/10\/8b0849ff4b9d66df36800340b031d241cd63d547-768x512.jpg 768w, https:\/\/enterprisearkitekt.se\/wp-content\/uploads\/2025\/10\/8b0849ff4b9d66df36800340b031d241cd63d547-18x12.jpg 18w\" sizes=\"auto, (max-width: 1440px) 100vw, 1440px\" \/><\/figure>\n\n\n\n<h3 class=\"wp-block-heading has-text-align-center\" style=\"margin-top:24px;font-size:clamp(14px, 0.875rem + ((1vw - 3.2px) * 0.288), 20px);line-height:1.5\">Kommunikationstaktik<\/h3>\n\n\n\n<p class=\"has-text-align-center has-small-font-size\" style=\"margin-top:8px\">Uppt\u00e4ck avancerade metoder f\u00f6r att fr\u00e4mja v\u00e4rdet av enterprisearkitektur hos olika m\u00e5lgrupper.<\/p>\n\n\n\n<div class=\"wp-block-buttons is-content-justification-center is-layout-flex wp-container-core-buttons-is-layout-a89b3969 wp-block-buttons-is-layout-flex\">\n<div class=\"wp-block-button\"><a class=\"wp-block-button__link has-small-font-size has-custom-font-size wp-element-button\" href=\"https:\/\/enterprisearkitekt.se\/sv\/start\/it-management\/intressenter\/\">L\u00e4s mer om<\/a><\/div>\n<\/div>\n<\/div>\n\n\n\n<div class=\"wp-block-column is-layout-flow wp-block-column-is-layout-flow\">\n<figure class=\"wp-block-image ext-aspect-landscape\"><img loading=\"lazy\" decoding=\"async\" width=\"1440\" height=\"960\" class=\"wp-image-392\" src=\"https:\/\/enterprisearkitekt.se\/wp-content\/uploads\/2025\/10\/845a4ff2fbd19b76d5126ef0fcd6d84ed6432801.jpg\" alt=\"Enterprise Architect-rollen f\u00f6r yrkesverksamma\" style=\"aspect-ratio:4\/3;object-fit:cover\" srcset=\"https:\/\/enterprisearkitekt.se\/wp-content\/uploads\/2025\/10\/845a4ff2fbd19b76d5126ef0fcd6d84ed6432801.jpg 1440w, https:\/\/enterprisearkitekt.se\/wp-content\/uploads\/2025\/10\/845a4ff2fbd19b76d5126ef0fcd6d84ed6432801-300x200.jpg 300w, https:\/\/enterprisearkitekt.se\/wp-content\/uploads\/2025\/10\/845a4ff2fbd19b76d5126ef0fcd6d84ed6432801-1024x683.jpg 1024w, https:\/\/enterprisearkitekt.se\/wp-content\/uploads\/2025\/10\/845a4ff2fbd19b76d5126ef0fcd6d84ed6432801-768x512.jpg 768w, https:\/\/enterprisearkitekt.se\/wp-content\/uploads\/2025\/10\/845a4ff2fbd19b76d5126ef0fcd6d84ed6432801-18x12.jpg 18w\" sizes=\"auto, (max-width: 1440px) 100vw, 1440px\" \/><\/figure>\n\n\n\n<h3 class=\"wp-block-heading has-text-align-center\" style=\"margin-top:24px;font-size:clamp(14px, 0.875rem + ((1vw - 3.2px) * 0.288), 20px);line-height:1.5\">Professionella yrkesut\u00f6vares roll<\/h3>\n\n\n\n<p class=\"has-text-align-center has-small-font-size\" style=\"margin-top:8px\">F\u00e5 insikt i de viktigaste PR-rollerna som st\u00f6der initiativ f\u00f6r enterprisearkitektur<\/p>\n\n\n\n<div class=\"wp-block-buttons is-content-justification-center is-layout-flex wp-container-core-buttons-is-layout-a89b3969 wp-block-buttons-is-layout-flex\">\n<div class=\"wp-block-button\"><a class=\"wp-block-button__link has-small-font-size has-custom-font-size wp-element-button\" href=\"https:\/\/enterprisearkitekt.se\/sv\/start\/it-management\/enterprisearkitektur-som-yrke\/\">L\u00e4s mer om<\/a><\/div>\n<\/div>\n<\/div>\n<\/div>\n<\/div>","protected":false},"excerpt":{"rendered":"<p>Explore Our Commitment to Excellence and Innovation This site offers an in-depth insight into the core objectives, guiding principles, and foundational story behind the role as an Enterprise Architect, emphasizing the expertise and professionalism that shape Enterprise Architecture consultancy. Discover Strategic Public Relations An overview of how PR enhances enterprise architecture impact. Communicating Value Crafting [&hellip;]<\/p>\n","protected":false},"author":2,"featured_media":0,"parent":29,"menu_order":0,"comment_status":"closed","ping_status":"closed","template":"page-with-title","meta":{"om_disable_all_campaigns":false,"_monsterinsights_skip_tracking":false,"_monsterinsights_sitenote_active":false,"_monsterinsights_sitenote_note":"","_monsterinsights_sitenote_category":0,"footnotes":""},"class_list":["post-263","page","type-page","status-publish","hentry"],"aioseo_notices":[],"_links":{"self":[{"href":"https:\/\/enterprisearkitekt.se\/sv\/wp-json\/wp\/v2\/pages\/263","targetHints":{"allow":["GET"]}}],"collection":[{"href":"https:\/\/enterprisearkitekt.se\/sv\/wp-json\/wp\/v2\/pages"}],"about":[{"href":"https:\/\/enterprisearkitekt.se\/sv\/wp-json\/wp\/v2\/types\/page"}],"author":[{"embeddable":true,"href":"https:\/\/enterprisearkitekt.se\/sv\/wp-json\/wp\/v2\/users\/2"}],"replies":[{"embeddable":true,"href":"https:\/\/enterprisearkitekt.se\/sv\/wp-json\/wp\/v2\/comments?post=263"}],"version-history":[{"count":6,"href":"https:\/\/enterprisearkitekt.se\/sv\/wp-json\/wp\/v2\/pages\/263\/revisions"}],"predecessor-version":[{"id":393,"href":"https:\/\/enterprisearkitekt.se\/sv\/wp-json\/wp\/v2\/pages\/263\/revisions\/393"}],"up":[{"embeddable":true,"href":"https:\/\/enterprisearkitekt.se\/sv\/wp-json\/wp\/v2\/pages\/29"}],"wp:attachment":[{"href":"https:\/\/enterprisearkitekt.se\/sv\/wp-json\/wp\/v2\/media?parent=263"}],"curies":[{"name":"wp","href":"https:\/\/api.w.org\/{rel}","templated":true}]}}