{"id":146,"date":"2025-08-18T14:10:10","date_gmt":"2025-08-18T12:10:10","guid":{"rendered":"https:\/\/enterprisearkitekt.se\/?page_id=146"},"modified":"2025-09-23T16:15:19","modified_gmt":"2025-09-23T14:15:19","slug":"enterprisearkitekt-fem-foprskningsfynd","status":"publish","type":"page","link":"https:\/\/enterprisearkitekt.se\/sv\/start\/conclusion-research-result\/the-enterprise-architect-five-research-topics\/","title":{"rendered":"F\u00f6retagsarkitekten - fem forsknings\u00e4mnen"},"content":{"rendered":"<h2 class=\"wp-block-heading\">Rollen<\/h2>\n\n\n\n<p>N\u00e4r man studerar \u00e4mnet om rollen \u00e4r rollbeskrivningen v\u00e4sentlig med fokus p\u00e5 hur den anst\u00e4lldas organisation ser p\u00e5 enterprisearkitektens position, f\u00f6rv\u00e4ntningar p\u00e5 rollen, m\u00e4tbara m\u00e5l, kartl\u00e4ggning av verktyg baserat p\u00e5 roll och ansvar.<\/p>\n\n\n\n<p>Det finns ingen standardiserad och allm\u00e4nt accepterad rollbeskrivning av enterprisearkitekt yrket och det finns inga r\u00e4ttsliga eller regulatoriska kriterier som definierar rollen och vilka kvalifikationer och referenser som kr\u00e4vs f\u00f6r yrket (<a href=\"#_ENREF_20\">CAEAP, 2012<\/a>). Enterprisearkitekt rollen har ett antal k\u00e4nslom\u00e4ssiga \"egenskaper\" som rollen och yrket m\u00e5ste hantera och f\u00f6rh\u00e5lla sig till (<a href=\"#_ENREF_76\">Steghuis &amp; Proper, 2008<\/a>). Forskare inom omr\u00e5det som studerat arkitektrollen beskriver och belyser olika framtr\u00e4dande inslag i rollen. <a href=\"#_ENREF_78\">Strano &amp; Rehmani (2007)<\/a>&nbsp;h\u00e4vdar att f\u00f6retagsarkitektens huvuduppgifter \u00e4r att anpassa IT-verksamheten till aff\u00e4rsstrategiska m\u00e5l genom att hantera den komplexa upps\u00e4ttningen av organisatoriska \u00f6msesidiga beroenden. <a href=\"#_ENREF_76\">Steghuis &amp; Proper (2008)<\/a> att det \u00e4r viktigt f\u00f6r arkitektrollen att kommunicera och uppr\u00e4tth\u00e5lla en aff\u00e4rsstrategi till den operativa ledningen. F\u00f6rfattarna beskriver vidare att enterprisearkitekten \u00e4r avsedd att delta i enterprisearkitektur teamet och att hj\u00e4lpa teamkollegor i deras anstr\u00e4ngningar att utveckla teamets m\u00e5l, vilket ur en operativ synvinkel \u00e4r den prim\u00e4ra uppgiften att skapa en strategi f\u00f6r och att styra arkitekturlandskapet. <a href=\"#_ENREF_38\">Hoffman (1988)<\/a> menar att det \u00e4r absolut n\u00f6dv\u00e4ndigt att f\u00f6retagsledningen fokuserar p\u00e5 denna gemensamma strategi internt f\u00f6r att IS ska kunna planera f\u00f6r organisationens \u00f6verlevnad och framg\u00e5ng.<\/p>\n\n\n\n<p>I enterprisearkitekt rollen ing\u00e5r att uppr\u00e4tta en f\u00e4rdplan f\u00f6r EA som ska fungera som ett v\u00e4gledande verktyg under en mognadsfas. Denna f\u00e4rdplan kommer att omfatta aff\u00e4rsprocesserna i ett nul\u00e4ge, men ocks\u00e5 det framtida scenariot (<a href=\"#_ENREF_76\">Steghuis &amp; Proper, 2008<\/a>). <a href=\"#_ENREF_76\">Steghuis &amp; Proper (2008)<\/a> ange att en f\u00f6retagsarkitekt huvudsakligen ska arbeta med huvudm\u00e5len effektivitet, \u00e4ndam\u00e5lsenlighet, smidighet och h\u00e5llbarhet. <a href=\"#_ENREF_78\">Strano &amp; Rehmani (2007)<\/a>&nbsp;menar att rollen idag innefattar flerdimensionella organisatoriska discipliner s\u00e5som f\u00f6r\u00e4ndringsagent, kommunikat\u00f6r, ledare och chef. Enterprisearkitektens rollbeskrivning indikerar en \u00f6nskan om att h\u00e5lla sig uppdaterad med aktuell forskning, marknadsf\u00f6ring och diskussioner i \u00e4mnet, till exempel genom f\u00f6rel\u00e4sningar, tr\u00e4ning, utbildning, tidningsl\u00e4sning, n\u00e4tverkande och samarbete med andra arkitekter. I rolldeklarationen finns en \u00f6nskan om att vara delaktig i att sprida och tydligg\u00f6ra behovet av EA inom organisationen (<a href=\"#_ENREF_21\">CAEAP, 2014<\/a>). Rollens sammans\u00e4ttning och omfattning kan variera beroende p\u00e5 om den verkar inom en mindre eller en st\u00f6rre organisation (<a href=\"#_ENREF_64\">Roeleven &amp; Broer, 2009<\/a>). <a href=\"#_ENREF_53\">Nsubuga et al (2014)<\/a> h\u00e4vdar att s\u00e4rskilt under den strategiska analysen och under utformningen av f\u00f6retagsarkitekturen spelar f\u00f6retagsarkitekten en viktig roll. <a href=\"#_ENREF_40\">IASA (2012)<\/a> h\u00e4vdar att det inte finns n\u00e5gra skarpa gr\u00e4nser mellan n\u00e4rbesl\u00e4ktade IT-arkitektroller, och de h\u00e4vdar att beroende p\u00e5 organisatoriska och personliga egenskaper flyter rollerna samman. <a href=\"#_ENREF_79\">Sushil &amp; Stohr (2014)<\/a> h\u00e4vdar att framtidens organisationer inte bara m\u00e5ste omfatta enstaka arkitektroller och funktioner, utan att organisationerna m\u00e5ste anta flerdimensionella anv\u00e4ndare, roller och funktioner. F\u00f6retagsarkitektens roll b\u00f6r betraktas som viktigare i framtiden \u00e4n i historien (<a href=\"#_ENREF_35\">G\u00f8tze, 2013<\/a>) och rollen anses vara under st\u00e4ndig utveckling (<a href=\"#_ENREF_16\">Bredemeyer &amp; Malan, 2004<\/a>; <a href=\"#_ENREF_84\">Wagter m.fl. 2012<\/a>). Enterprisearkitekter b\u00f6r se \u00f6ver hela organisationen f\u00f6r att hitta framtida l\u00f6sningar och m\u00f6jligheter f\u00f6rutom l\u00f6sningar att \u00e5teranv\u00e4nda, b\u00e5de n\u00e4r det g\u00e4ller tidigare, nuvarande och framtida perspektiv (<a href=\"#_ENREF_55\">Oppenheim, 2011<\/a>).<\/p>\n\n\n\n<h2 class=\"wp-block-heading\">Kompetens<\/h2>\n\n\n\n<p>En grundl\u00e4ggande del av ett yrke \u00e4r de f\u00e4rdigheter som kr\u00e4vs f\u00f6r att kunna verka framg\u00e5ngsrikt inom yrket. Studien fokuserar dock \u00e4ven p\u00e5 hur en kontinuerlig kompetensh\u00f6jning kan g\u00f6ras f\u00f6r att kontinuerligt st\u00e4rka rollen.<\/p>\n\n\n\n<p>Precis som det inte finns n\u00e5gon enhetlig och \u00f6verenskommen standard f\u00f6r enterprisearkitekt rollen, finns det inte heller n\u00e5gon konsekvent beskrivning av de f\u00e4rdigheter som kr\u00e4vs f\u00f6r dessa yrkesverksamma. Forskare inom omr\u00e5det som studerat kompetensen hos enterprisearkitekt yrket beskriver och belyser diversifierade framtr\u00e4dande f\u00e4rdigheter och krav. F\u00f6retagsarkitektens kompetens kan beskrivas i termer av relativt omfattande krav p\u00e5 b\u00e5de personlig och professionell niv\u00e5 (<a href=\"#_ENREF_35\">G\u00f8tze, 2013<\/a>).<\/p>\n\n\n\n<p>Arkitektens kompetens m\u00e5ste omfatta korrekta kunskaper, insikter, attityder och beteendem\u00e4ssiga f\u00e4rdigheter, och ha f\u00f6rm\u00e5gan att till\u00e4mpa dessa i sin profession som enterprisearkitekt (<a href=\"#_ENREF_84\">Wagter m.fl. 2012<\/a>). <a href=\"#_ENREF_76\">Steghuis &amp; Proper (2008)<\/a> lyfter fram de fem fr\u00e4msta f\u00e4rdigheterna f\u00f6r enterprisearkitekten som analytiska f\u00e4rdigheter, kommunikationsf\u00e4rdigheter, f\u00f6rhandlingsf\u00e4rdigheter, abstraktionsf\u00e4rdigheter, kapacitet, k\u00e4nslighet och f\u00f6rm\u00e5ga till empati. <a href=\"#_ENREF_76\">Steghuis &amp; Proper (2008)<\/a> k\u00e4nna igen olika k\u00e4rnkompetenser och f\u00e4rdigheter f\u00f6r en enterprisearkitekt: arkitekten b\u00f6r ha analytiska och kommunikativa f\u00e4rdigheter, d\u00e4r f\u00f6rhandlingar \u00e4r en vanlig komponent som p\u00e5verkar det dagliga arbetet, vilket kommer att kr\u00e4va k\u00e4nslighet och f\u00f6rm\u00e5ga att visa empati f\u00f6r de angr\u00e4nsande individerna. Abstraktionsf\u00f6rm\u00e5ga av komplexa artefakter \u00e4r en viktig f\u00e4rdighet, vilket inneb\u00e4r att man m\u00e5ste kunna agera som en f\u00f6r\u00e4ndringsagent. F\u00f6rfattarna beskriver att en enterprisearkitekt m\u00e5ste vara en god ledare och ha f\u00f6rst\u00e5else f\u00f6r mjukvaruutveckling (<a href=\"#_ENREF_76\">Steghuis &amp; Proper, 2008<\/a>). Under tiden, <a href=\"#_ENREF_39\">Hsin-Ke &amp; Peng-Chun (2012)<\/a> menar att kompetens \u00e4r en samling av relaterade f\u00f6rm\u00e5gor, \u00e5taganden, kunskaper och f\u00e4rdigheter som g\u00f6r det m\u00f6jligt f\u00f6r en person att agera framg\u00e5ngsrikt och effektivt i sitt yrke. <a href=\"#_ENREF_80\">Tambouris et al (2012)<\/a> ange att arkitektens kompetens b\u00f6r omfatta olika f\u00e4rdigheter och discipliner inom de aff\u00e4rsm\u00e4ssiga, tekniska, administrativa och sociala omr\u00e5dena. <a href=\"#_ENREF_87\">Wieringa et al (2009)<\/a> h\u00e4vdar att f\u00f6retagsarkitekten b\u00f6r ha en f\u00f6rst\u00e5else f\u00f6r komplexa situationer n\u00e4r det g\u00e4ller ansvar och reflektion. F\u00f6retagsarkitekten m\u00e5ste vara en kreativ vision\u00e4r och kunna se behovet av f\u00f6r\u00e4ndringar i verksamheten och ha f\u00f6rm\u00e5gan att anpassa sig p\u00e5 ett proaktivt s\u00e4tt (<a href=\"#_ENREF_45\">Lankhorst, 2013<\/a>). <a href=\"#_ENREF_21\">CAEAP (2014)<\/a> anger att Enterprise Arkitekten ska kunna visa integritet och diskretion inom yrket d\u00e5 yrket i m\u00e5nga fall ber\u00f6r komplexa och k\u00e4nsliga delar av verksamheten. F\u00f6retagsarkitekten m\u00e5ste ha god erfarenhet av organisationens olika aktiviteter och dess utveckling genom en kontinuerlig inl\u00e4rningsprocess. F\u00f6retagsarkitekten b\u00f6r vara en skicklig kommunikat\u00f6r och f\u00f6rhandlare (<a href=\"#_ENREF_35\">G\u00f8tze, 2013<\/a>; <a href=\"#_ENREF_56\">Ouriaghli &amp; Nsubuga, 2012<\/a>; <a href=\"#_ENREF_84\">Wagter m.fl. 2012<\/a>) f\u00f6r att skapa f\u00f6rtroende bland de m\u00e5nga olika intressenterna samt att ha f\u00f6rm\u00e5gan att t\u00e4nka strategiskt samtidigt som man agerar taktiskt (<a href=\"#_ENREF_21\">CAEAP, 2014<\/a>). Eftersom yrket kontinuerligt arbetar med skapandet av arkitektonisk design (<a href=\"#_ENREF_52\">Nelson &amp; Stolterman, 2012<\/a>), \u00e4r kunskap om modellering och arkitektonisk design en viktig k\u00e4rnkompetens (<a href=\"#_ENREF_61\">Potts, 2013<\/a>). <a href=\"#_ENREF_20\">CAEAP (2012)<\/a> anger att k\u00e4rnkompetensen \u00e4r f\u00f6rm\u00e5gan att p\u00e5 b\u00e5de l\u00e5ng och kort sikt uppr\u00e4tth\u00e5lla en strategisk anpassning mellan aff\u00e4rsmodellen och den operativa modellen med begr\u00e4nsning av riskerna. <a href=\"#_ENREF_84\">Wagter et al (2012)<\/a> h\u00e4vdar att f\u00e4rdigheter som att vara en kommunikat\u00f6r och f\u00f6rhandlare \u00e4r avg\u00f6rande f\u00f6r yrket f\u00f6r att bygga f\u00f6rtroende bland de ber\u00f6rda intressenterna. S\u00e5 l\u00e4nge som rollen som enterprisearkitekt utvecklas kommer det att finnas ytterligare k\u00e4rnkompetenser som \u00e4r relevanta f\u00f6r yrkesut\u00f6varen (<a href=\"#_ENREF_35\">G\u00f8tze, 2013<\/a>). Dessutom kr\u00e4vs det f\u00f6rst\u00e5else fr\u00e5n EA f\u00f6r att arbeta inom ett organisationsklimat som k\u00e4nnetecknas av en ambidextrisk stil (<a href=\"#_ENREF_82\">Tushman &amp; O'Reilly, 1996<\/a>).<\/p>\n\n\n\n<h2 class=\"wp-block-heading\">Kraften<\/h2>\n\n\n\n<p>Makttemat fokuserar p\u00e5 professionens inflytande; vad det inneb\u00e4r i form av ansvarsf\u00f6rdelning, befogenheter och inflytande. Studien belyser arkitektens ansvar i form av rollens f\u00f6ruts\u00e4ttningar och tillg\u00e4ngliga resurser f\u00f6r att n\u00e5 m\u00e5len.<\/p>\n\n\n\n<p>Enterprisearkitektens befogenheter och ansvar, b\u00e5de p\u00e5 ett lednings- och uppgiftsorienterat s\u00e4tt, \u00e4r avg\u00f6rande f\u00f6r att kunna ut\u00f6va yrket p\u00e5 ett framg\u00e5ngsrikt s\u00e4tt. Professionen m\u00e5ste ha motsvarande makt i f\u00f6rh\u00e5llande till ansvaret och ansvaret f\u00f6r att kunna utf\u00f6ra inom professionen. F\u00f6rfattare inom den akademiska v\u00e4rlden beskriver detta ansvar p\u00e5 olika s\u00e4tt och lyfter fram olika ansvarsomr\u00e5den som de viktigaste f\u00f6r EA-yrket. <a href=\"#_ENREF_76\">Steghuis &amp; Proper (2008)<\/a> h\u00e4vdar att det inte finns n\u00e5gon universell upps\u00e4ttning av ansvarsomr\u00e5den f\u00f6r rollen som Enterprise Architect, och Unde (<a href=\"#_ENREF_83\">2008<\/a>illustrerar ansvaret f\u00f6r att implementera organisationens vision och strategi f\u00f6r IT. I detta ansvar ing\u00e5r att definiera standarder och riktlinjer samt att utforma en styrmekanism f\u00f6r att anpassa implementeringen till de \u00f6verenskomna standarderna och riktlinjerna.<\/p>\n\n\n\n<p><a href=\"#_ENREF_76\">Steghuis &amp; Proper (2008)<\/a> beskriva EA-ansvaret n\u00e4r det g\u00e4ller att skapa, till\u00e4mpa och underh\u00e5lla EA. <a href=\"#_ENREF_78\">Strano &amp; Rehmani (2007)<\/a>&nbsp;h\u00e4vdar att eftersom f\u00f6retagsarkitekten blir en allt viktigare akt\u00f6r i f\u00f6retagsledningen, \u00f6kar dess ansvarsomr\u00e5den p\u00e5 samma s\u00e4tt och nya ansvarsomr\u00e5den uppst\u00e5r inom detta yrke.<\/p>\n\n\n\n<p>Flera tekniska innovationer \u00e4ger idag rum utanf\u00f6r den centraliserade IT-styrningen, d\u00e4r det finns bevis f\u00f6r att denna utveckling st\u00f6ds av organisationens egenmakt (<a href=\"#_ENREF_73\">Smith, 2013<\/a>) d\u00e4r denna befogenhet att fatta beslut kan p\u00e5verka organisationen, dess inriktning och aktiviteter (<a href=\"#_ENREF_59\">Pessi, 2009<\/a>). <a href=\"#_ENREF_50\">McPhee (2014)<\/a> s\u00e4ger att empowerment uppn\u00e5s genom att bygga upp f\u00f6rtroende och beskriver att empowerment \u00e4r centralt f\u00f6r att frig\u00f6ra den verkliga potentialen hos medarbetare och individer. <a href=\"#_ENREF_33\">G\u00f8tze (2011)<\/a> betonar vikten av att ha tillg\u00e4ngliga resurser att f\u00f6rfoga \u00f6ver och styra, f\u00f6r att uppn\u00e5 de f\u00f6rv\u00e4ntade resultaten i EA-uppdraget. I detta ansvar ing\u00e5r att definiera standarder och riktlinjer och att utforma en styrmekanism f\u00f6r att anpassa implementeringen till de \u00f6verenskomna standarderna och riktlinjerna. Ofta \u00e4r denna resursfr\u00e5ga en anledning till att organisationens EA-initiativ inte blir framg\u00e5ngsrikt (<a href=\"#_ENREF_33\">G\u00f8tze, 2011<\/a>).<\/p>\n\n\n\n<h2 class=\"wp-block-heading\">Stilen i sk\u00e5despeleriet<\/h2>\n\n\n\n<p>I det h\u00e4r avsnittet behandlas arkitektens f\u00f6rh\u00e5llningss\u00e4tt till reaktivitet och proaktivitet. Ett f\u00f6rh\u00e5llningss\u00e4tt kan vara b\u00e5de reaktivt och proaktivt och ge innovativ kraft eller vara mer av en revisionsorienterad struktur.<\/p>\n\n\n\n<p>Flexibiliteten i en organisationsstrategi anses vara b\u00e5de proaktiv och reaktiv (<a href=\"#_ENREF_88\">Zhigang m.fl. 2012<\/a>) d\u00e4r tillv\u00e4gag\u00e5ngss\u00e4ttet h\u00e4rleds fr\u00e5n l\u00f6ptiden f\u00f6r EA (<a href=\"#_ENREF_11\">Bente m.fl. 2012<\/a>). <a href=\"#_ENREF_3\">Akenine et al (2014)<\/a> avgr\u00e4nsar proaktivitet i samband med EA p\u00e5 samma s\u00e4tt som en del av mognaden, d\u00e4r faserna rankas som omedvetna, medvetna, reaktiva, proaktiva, kontrollerade och effektiva. Att omvandla en organisation fr\u00e5n att agera reaktivt till en proaktiv mentalitet kommer att vara en process av organisatorisk medvetenhet som ger <a href=\"#_ENREF_63\">Rishi (2012)<\/a>, som kan involvera de personer som ber\u00f6rs av den nya metoden (<a href=\"#_ENREF_49\">McGonagle &amp; Vella, 2012<\/a>). En proaktiv organisationsstrategi inneb\u00e4r ett tillv\u00e4gag\u00e5ngss\u00e4tt f\u00f6r att \u00f6ka flexibiliteten att reagera p\u00e5 marknadsf\u00f6r\u00e4ndringar, vilket \u00e4r en av organisationens k\u00e4rnkompetenser (<a href=\"#_ENREF_14\">Bloomberg &amp; Schmelzer, 2013<\/a>).<\/p>\n\n\n\n<p>Rollen som enterprisearkitekt kommer troligen att kr\u00e4va flera uppdrag. <a href=\"#_ENREF_8\">Bakker &amp; Leiter (2010)<\/a> har funnit tre aspekter som avg\u00f6r arbetsengagemanget: energi, h\u00e4ngivenhet och absorption. Bortsett fr\u00e5n arbetsengagemang, <a href=\"#_ENREF_75\">Sonnentag (2003)<\/a> har noterat att \u00e5terh\u00e4mtning \u00e4r viktigt f\u00f6r att uppn\u00e5 ett proaktivt beteende p\u00e5 jobbet. <a href=\"#_ENREF_5\">Armstrong (2014)<\/a> anser att organisationsmedlemmar som p\u00e5verkas av tvetydighet och turbulens kan reagera reaktivt p\u00e5 uppdrag som omedelbara \u00e5tg\u00e4rder ist\u00e4llet f\u00f6r att agera proaktivt f\u00f6r att f\u00f6rhindra problem som kan uppst\u00e5. <a href=\"#_ENREF_32\">Grant &amp; Ashford (2008)<\/a> best\u00e4mma proaktivitet p\u00e5 jobbet i samband med in-rollen eller extra-rollen. Beteendet i rollen avgr\u00e4nsar vad som f\u00f6rv\u00e4ntas av rollen, medan extra-rollen avg\u00f6r individens m\u00f6jlighet att st\u00e4rka sin roll genom att f\u00f6rst\u00e4rka en organisatorisk position. Den organisatoriska ledningsstilen i kommunikationen med organisationsmedlemmarna, sammanfattad som \"kontorspolitik\", kan p\u00e5verka s\u00e4ttet att agera proaktivt eller reaktivt p\u00e5 s\u00e4rskilda uppdrag (<a href=\"#_ENREF_41\">Kakabadse, 1984<\/a>). Relaterat till kontorspolitiken \u00e4r den karri\u00e4r som handlar om makten f\u00f6r en viss medlem av organisationen, d\u00e4r <a href=\"#_ENREF_42\">Kammeyer-Mueller &amp; Wanberg (2003)<\/a>&nbsp;har unders\u00f6kt sambandet mellan proaktivitet och arbetsanpassning medan <a href=\"#_ENREF_24\">Crant &amp; Bateman (2000)<\/a>&nbsp;har studerat ledarskapets p\u00e5verkan p\u00e5 proaktivitet. Om ledarskapet visar brist p\u00e5 proaktivitet kan f\u00f6ljarna agera reaktivt (<a href=\"#_ENREF_72\">Sinclair &amp; Collins, 1992<\/a>). F\u00f6r mycket reaktiva svar p\u00e5 uppkomna problem kan orsaka en stressig milj\u00f6, medan proaktivitet kan minska stressen enligt <a href=\"#_ENREF_63\">Rishi (2012)<\/a>. <a href=\"#_ENREF_31\">Frese et al (1996)<\/a> beskriver ett proaktivt beteende som en sj\u00e4lvstartande handling f\u00f6r att uppn\u00e5 organisationens vision och uppdrag, vilket uttrycker initiativkraft. En h\u00f6g arbetsbelastning kan fungera som en drivkraft f\u00f6r proaktivitet, \u00e4ven om arbetsengagemang inte \u00e4r vanligt f\u00f6rekommande (<a href=\"#_ENREF_29\">Eyre, 2012<\/a>). Ak\u0131n's (<a href=\"#_ENREF_4\">2014<\/a>) forskning visar att \u00f6kad sj\u00e4lvmedk\u00e4nsla \u00e4r en f\u00f6ruts\u00e4ttning f\u00f6r att kunna agera proaktivt. <a href=\"#_ENREF_71\">Siedel &amp; Haapio (2011)<\/a> menar att proaktivitet kan p\u00e5verkas av tv\u00e5 organisatoriska insatser: fr\u00e4mjande genom att fr\u00e4mja en l\u00e4mplig \u00e5tg\u00e4rd och f\u00f6rebyggande genom att f\u00f6rhindra det som \u00e4r ol\u00e4mpligt. Proaktivitet \u00e4r en beredskap f\u00f6r planerade och oplanerade f\u00f6r\u00e4ndringar i milj\u00f6n samtidigt som man beaktar de tillg\u00e4ngliga l\u00f6sningarnas utvecklingsbarhet, kraft och elasticitet (<a href=\"#_ENREF_25\">Dencker &amp; Fasth, 2009<\/a>). I en utv\u00e4rdering av de m\u00f6jliga l\u00f6sningar som ska utvecklas kan scenariohantering vara en vice insats f\u00f6r att uppn\u00e5 ett proaktivt beteende till f\u00f6rm\u00e5n f\u00f6r ett reaktivt, enligt <a href=\"#_ENREF_27\">Desouza (2005)<\/a>. <a href=\"#_ENREF_28\">Dikkers m.fl. (2010)<\/a> f\u00f6respr\u00e5kar ledningens ansvar f\u00f6r att fr\u00e4mja organisationen p\u00e5 ett proaktivt s\u00e4tt i motsats till det reaktiva. Trots detta kan en beg\u00e4ran fr\u00e5n ledningen om ett proaktivt beteende d\u00f6lja en delegering (<a href=\"#_ENREF_72\">Sinclair &amp; Collins, 1992<\/a>). <a href=\"#_ENREF_81\">Tichy (1982)<\/a> f\u00f6respr\u00e5kar en demokratisering av arbetsplatsen som p\u00e5verkar den organisatoriska ledningen d\u00e4r det finns ett behov av att anta en mer proaktiv roll i sitt ledarskap. Trots detta m\u00e5ste tidsfristerna och tiden f\u00f6r att utf\u00f6ra ett uppdrag synkroniseras mellan de inblandade akt\u00f6rerna f\u00f6r att f\u00e5 en tidsm\u00e4ssig dynamik i renderingen <a href=\"#_ENREF_85\">Weiner et al (2012)<\/a> (p.326).<\/p>\n\n\n\n<p><a href=\"#_ENREF_34\">G\u00f8tze (2012)<\/a> menar att enterprisearkitekten b\u00f6r fokusera p\u00e5 att hitta problem till f\u00f6rm\u00e5n f\u00f6r probleml\u00f6sning, f\u00f6r att bli mer proaktiv i sin roll. F\u00f6retagsarkitektens yrke \u00e4r t\u00e4nkt att proaktivt fr\u00e4mja arkitektonisk utveckling (<a href=\"#_ENREF_56\">Ouriaghli &amp; Nsubuga, 2012<\/a>). I enlighet med <a href=\"#_ENREF_15\">Bredemeyer (2002)<\/a>Den framg\u00e5ngsrike enterprisearkitekten s\u00f6ker proaktivt efter ett n\u00e4tverk av relationer d\u00e4r incitamentet f\u00f6r samarbete \u00e4r att hitta ett gemensamt m\u00e5l och genom partnerskap arbeta f\u00f6r att f\u00f6rverkliga dessa m\u00e5l (<a href=\"#_ENREF_7\">Bahrami &amp; Evans, 2010<\/a>). Detta \u00f6msesidiga m\u00e5l kommer att leda till proaktiva f\u00f6retagsomvandlingar d\u00e4r den dynamiska kapaciteten utvecklas (<a href=\"#_ENREF_1\">Abraham m.fl. 2012<\/a>).<\/p>\n\n\n\n<h2 class=\"wp-block-heading\">Huvudfokus<\/h2>\n\n\n\n<p>Professionens orientering i termer av att vara mer eller mindre n\u00e4ra verksamheten eller IS\/IT-arenan kategoriseras som ett av de prim\u00e4ra fokusen i denna studie. Balansen mellan dessa tv\u00e5 organisatoriskt skilda omr\u00e5den och samspelet mellan dem f\u00f6r att skapa en gynnsam position f\u00f6r enterprisearkitekten.<\/p>\n\n\n\n<p>F\u00f6retagsarkitektens huvudsakliga fokus \u00e4r att verka i en balans mellan aff\u00e4rsverksamheten och IS\/IT-dom\u00e4nen f\u00f6r att uppn\u00e5 en arkitektonisk harmoni (<a href=\"#_ENREF_48\">Magoulas &amp; Pessi, 1998<\/a>). Aerts m.fl. (<a href=\"#_ENREF_2\">2003<\/a>) har funnit att det organisatoriska f\u00f6retaget kan urskiljas som antingen IT- eller aff\u00e4rsinriktat sett ur ett arkitekturperspektiv. <a href=\"#_ENREF_58\">Perks &amp; Beveridge (2004)<\/a> anser att f\u00f6retagets IT-arkitektur \u00e4r i fokus, medan f\u00f6retagsarkitekturen enligt Berg, van den &amp; Steenbergen, van (<a href=\"#_ENREF_12\">2006<\/a>), och Whittle &amp; Myrick's (<a href=\"#_ENREF_86\">2005<\/a>) beskrivning av Enterprise Business Architecture, har en f\u00f6rk\u00e4rlek f\u00f6r aff\u00e4rsomr\u00e5det. Berg, van den &amp; Vliet, van (<a href=\"#_ENREF_13\">2014<\/a>) f\u00f6resl\u00e5r enterprisearkitekten att \"f\u00f6lja pengarna\" i ett f\u00f6rs\u00f6k att underl\u00e4tta mer effektiva och h\u00e5llbara beslut f\u00f6r att s\u00f6ka anpassning till den organisatoriska ledningen. <a href=\"#_ENREF_26\">Dent (2009)<\/a> har den regulatoriska omfattningen, d\u00e4r fokus f\u00f6r enterprisearkitekten \u00e4r att vara medveten om den regulatoriska minf\u00e4ltet. P\u00e5 ett liknande s\u00e4tt har Land, Op't et al (<a href=\"#_ENREF_44\">2009<\/a>) f\u00f6rst\u00e5 enterprisearkitekt kunskaperna f\u00f6r att minska aff\u00e4rsriskerna.<\/p>\n\n\n\n<p>Strategisk inriktning: Den strategiska inriktningsmodellen har sitt ursprung i ett MIT-forskningsprogram d\u00e4r <a href=\"#_ENREF_37\">Henderson &amp; Venkatraman (1999)<\/a> definierar alignment som samst\u00e4mmighet mellan dimensionerna funktionell integration och strategisk anpassning. <a href=\"#_ENREF_62\">Reich &amp; Benbasat (2000)<\/a>&nbsp;betonar den sociala dimensionen i en god relation mellan cheferna inom IT- och aff\u00e4rsomr\u00e5dena, vilket inkluderar den raka kopplingen mellan aff\u00e4rs- och IT-planeringens prestationer. F\u00f6rutom denna sociala process av orientering \u00e4r alignment en f\u00f6rm\u00e5ga i sig (<a href=\"#_ENREF_9\">Beimborn m.fl. 2007<\/a>), som till en betydande del kommer att omfatta en designutveckling (<a href=\"#_ENREF_10\">Benbya &amp; McKelvey, 2006<\/a>). <a href=\"#_ENREF_47\">Magoulas et al (2012)<\/a> f\u00f6respr\u00e5kar att anpassning sker i olika perspektiv s\u00e5som det sociostrukturella, infologiska, funktionella, sociokulturella och som anpassning av sammanhanget i sig. \u00c4ven om alignment anses vara IT som ska samordnas med aff\u00e4rsstrategin, finns det bevis f\u00f6r en framtid med motsatt utveckling, definierad som omv\u00e4nd alignment (<a href=\"#_ENREF_67\">Sauer &amp; Willcocks, 2004<\/a>). <a href=\"#_ENREF_23\">Chan &amp; Reich (2007)<\/a> har ifr\u00e5gasatt anpassningen eftersom anpassningen inte ger n\u00e5got sluttillst\u00e5nd. <a href=\"#_ENREF_57\">Pereira &amp; Sousa (2005)<\/a> definierar alignment som den uppm\u00e4tta samst\u00e4mmighetsniv\u00e5n som IS\/IT kommer att bidra med till verksamheten, \u00f6vervakad som en aff\u00e4rsm\u00e4ssig n\u00f6dv\u00e4ndighet. Identifierade konflikter i anpassningen har identifierats, t.ex. den obest\u00e4mda organisatoriska funktionsmodellen och v\u00e4rdemodellen (<a href=\"#_ENREF_74\">Soetekouw, 2010<\/a>), anpassningsf\u00e4llan (<a href=\"#_ENREF_69\">Shpilberg et al. 2007<\/a>), kan anpassningens milj\u00f6sammanhang framst\u00e5 som diffust (<a href=\"#_ENREF_22\">Chan, 2002<\/a>), och of\u00f6rm\u00e5gan att anpassa sig till sociala f\u00f6r\u00e4ndringar (<a href=\"#_ENREF_6\">Atkinson m.fl. 2003<\/a>). I den moderna organisationen har Land, Op't et al. (<a href=\"#_ENREF_44\">2009<\/a>) ser verksamheten och IT som en sammansm\u00e4ltning.<\/p>\n\n\n\n<p><a href=\"#_ENREF_18\">Burton (2010)<\/a> beskriver IT-ledningens fr\u00e4msta kamp i den moderna verksamheten som fr\u00e5gor som r\u00f6r f\u00f6rtroende och medvetenhet bland ber\u00f6rda intressenter. Aff\u00e4rsomr\u00e5det har f\u00f6rv\u00e4ntningar p\u00e5 att EA \u00e4r l\u00f6sningen p\u00e5 nuvarande problem, medan det finns en vag \u00f6verenskommelse om problemet eller hur l\u00f6sningen ska konceptualiseras (<a href=\"#_ENREF_18\">Burton, 2010<\/a>). D\u00e4remot anser aff\u00e4rsomr\u00e5det att IT-omr\u00e5det \u00e4r svagt n\u00e4r det g\u00e4ller att leverera f\u00f6rdelar till verksamheten som <a href=\"#_ENREF_17\">Brynjolfsson (1993)<\/a> kallas produktivitetsparadoxen. Trots att EA betraktas som en k\u00e4rnkompetens inom aff\u00e4rsverksamheten \u00e4r balansen mellan IT- och aff\u00e4rsdom\u00e4nen s\u00e4llsynt, f\u00f6respr\u00e5kar <a href=\"#_ENREF_16\">Bredemeyer &amp; Malan (2004)<\/a>. Kostnadsnedsk\u00e4rningarna inom IKT-omr\u00e5det har i tysthet p\u00e5g\u00e5tt i \u00e5ratal, vilket oundvikligen p\u00e5verkar denna balans, inflikar <a href=\"#_ENREF_36\">Harris (2004)<\/a>. <a href=\"#_ENREF_19\">Bytheway (2014)<\/a> st\u00f6der id\u00e9n om investeringar i information och teknik i syfte att integrera aff\u00e4rs- och IT-omr\u00e5dena i en samarbetsorganisation d\u00e4r tekniken \u00e4r allest\u00e4des n\u00e4rvarande, vilket \u00e4r en f\u00f6ruts\u00e4ttning f\u00f6r den kommande globaliseringen av verksamheten.<\/p>\n\n\n\n<p>Om en organisation \u00e4r uppdelad i en aff\u00e4rs- och en IT-dom\u00e4n, finns det en f\u00f6rv\u00e4ntan p\u00e5 att varje dom\u00e4n ocks\u00e5 ska behandlas som en separat dom\u00e4n (<a href=\"#_ENREF_60\">Potts, 2008<\/a>). <a href=\"#_ENREF_43\">Kotusev et al (2015)<\/a> understryka behovet av att EA samordnar anpassningen mellan de tv\u00e5:<em> \"F\u00f6retagsarkitektur \u00e4r en beskrivning av ett f\u00f6retag ur ett integrerat aff\u00e4rs- och IT-perspektiv\"<\/em> (p.1). <a href=\"#_ENREF_65\">Ross (2006)<\/a> h\u00e4vdar att IT-assimilering av aff\u00e4rsomr\u00e5det kan betraktas som en mognadsindikator f\u00f6r organisationen. Denna r\u00f6relse har redan p\u00e5b\u00f6rjats i vissa organisationer, som har betraktat och anammat information och teknik som k\u00e4rnan i framtida aff\u00e4rsframg\u00e5ngar och som en f\u00f6ruts\u00e4ttning f\u00f6r organisationens \u00f6verlevnad (<a href=\"#_ENREF_77\">Steiber, 2014<\/a>). <a href=\"#_ENREF_51\">Meyers (2012)<\/a> Slutsatsen \u00e4r att de flesta organisationer inte har r\u00e5d att anst\u00e4lla ett antal enterprisearkitekter. \u00c4ven om en enda enterprisearkitekt kan ge organisationen f\u00f6rdelar, kr\u00e4vs det \u00e4nd\u00e5 en kritisk massa av arkitekter i EA-teamet f\u00f6r att uppn\u00e5 effektivitet enligt <a href=\"#_ENREF_68\">Short &amp; Burke (2010)<\/a>. I ljuset av detta, <a href=\"#_ENREF_46\">Luftman (2000)<\/a> Bestrida medvetenheten om mognadsniv\u00e5erna f\u00f6r de inblandade dom\u00e4nerna f\u00f6r att uppn\u00e5 effektivitet. Anpassningsprocessen kommer att underl\u00e4ttas av ett gemensamt och delat spr\u00e5k bland de ber\u00f6rda intressenterna, i huvudsak f\u00f6r att sk\u00e4rpa anpassningsprocessen (<a href=\"#_ENREF_70\">Sidorova &amp; Kappelman, 2011<\/a>). Olika intressentgrupper kan s\u00e5ledes beg\u00e4ra antingen resultat fr\u00e5n (<a href=\"#_ENREF_30\">Fox &amp; Kemp, 2009<\/a>) eller v\u00e4gledning fr\u00e5n arkitektur (<a href=\"#_ENREF_54\">O'Donovan, 2011<\/a>). F\u00f6r att skapa en balanserad och kostnadseffektiv syn p\u00e5 dessa utmaningar \u00e4r k\u00e4nslan av \"vi\" avg\u00f6rande f\u00f6r en framg\u00e5ngsrik anpassning (<a href=\"#_ENREF_66\">Sanker, 2012<\/a>).<\/p>\n\n\n\n<p><\/p>\n\n\n\n<p><\/p>\n\n\n\n<hr class=\"wp-block-separator has-alpha-channel-opacity\"\/>\n\n\n\n<p><\/p>\n\n\n\n<p><strong>Sidh\u00e4nvisningar:<\/strong><\/p>\n\n\n\n<p style=\"margin-top:4px;margin-bottom:4px\"><\/p>\n\n\n\n<p style=\"margin-top:4px;margin-bottom:4px\"><a id=\"_ENREF_1\">Abraham, R., Aier, S., &amp; Winter, R. (2012). EAM i tv\u00e5 hastigheter - ett perspektiv med dynamiska f\u00f6rm\u00e5gor <em>Trender inom Enterprise Architecture Forskning och praktikdriven forskning om Enterprise Transformation<\/em> (Vol. 131, ss. 111-128). Berlin, Heidelberg: Springer.<\/a><\/p>\n\n\n\n<p style=\"margin-top:4px;margin-bottom:4px\"><a id=\"_ENREF_2\">Aerts, A., Goossenaerts, J. B. M., Hammer, D. K., &amp; Wortman, J. C. (2003). Architectures in context: on the evolution of business, application software, and ICT platform architectures. <em>Information &amp; Management, 41<\/em>, ss: 781-794.<\/a><\/p>\n\n\n\n<p style=\"margin-top:4px;margin-bottom:4px\"><a id=\"_ENREF_3\">Akenine, D., Kammerfors, E., Toftefors, J., Olsson, S.-H., Folkesson, R., Berg, C., . . . Nedstam, A. (2014). <em>Boken om IT-arkitektur<\/em>. Helsingborg: Hoi F\u00f6rlag.<\/a><\/p>\n\n\n\n<p style=\"margin-top:4px;margin-bottom:4px\"><a id=\"_ENREF_4\">Ak\u0131n, U. (2014). Sj\u00e4lvmedk\u00e4nsla som en prediktor f\u00f6r proaktivitet. <em>Internationell online-tidskrift f\u00f6r utbildningsvetenskap, 6<\/em>, ss: 103-111.<\/a><\/p>\n\n\n\n<p style=\"margin-top:4px;margin-bottom:4px\"><a id=\"_ENREF_5\">Armstrong, M. (2014). <em>Hur man blir en \u00e4nnu b\u00e4ttre chef: en komplett A-Z av bepr\u00f6vade tekniker och viktiga f\u00e4rdigheter, nionde upplagan<\/em>. London; Philadelphia: Kogan Page.<\/a><\/p>\n\n\n\n<p style=\"margin-top:4px;margin-bottom:4px\"><a id=\"_ENREF_6\">Atkinson, C. J., Avison, D. E., &amp; Wilson, D. (2003). Arkitektoniska bilder av utveckling av datorbaserade informationssystem. <em>Informations- och mjukvaruteknik, 45<\/em>(5), ss: 289-291, doi:10.1016\/S0950-5849(02)00214-8.<\/a><\/p>\n\n\n\n<p style=\"margin-top:4px;margin-bottom:4px\"><a id=\"_ENREF_7\">Bahrami, H., &amp; Evans, S. (2010). <em>Superflexibilitet f\u00f6r kunskapsf\u00f6retag: En verktygsl\u00e5da f\u00f6r dynamisk anpassning (2:a upplagan)<\/em>. Berlin, Heidelberg: Springer.<\/a><\/p>\n\n\n\n<p style=\"margin-top:4px;margin-bottom:4px\"><a id=\"_ENREF_8\">Bakker, A. B., &amp; Leiter, M. P. (2010). <em>Arbetsengagemang: en handbok med grundl\u00e4ggande teori och forskning<\/em>. New York: Psychology Press.<\/a><\/p>\n\n\n\n<p style=\"margin-top:4px;margin-bottom:4px\"><a id=\"_ENREF_9\">Beimborn, D., Franke, J., Wagner, H.-T., &amp; Weitzel, T. (2007). The Impact of Operational Alignment on IT Flexibility - Empiriska bevis fr\u00e5n en unders\u00f6kning i den tyska banksektorn. <em>Association for Information Systems AIS Electronic Library (AISeL)AMCIS 2007 Proceedings Americas Conference on Information systems (AMCIS)<\/em>.<\/a><\/p>\n\n\n\n<p style=\"margin-top:4px;margin-bottom:4px\"><a id=\"_ENREF_10\">Benbya, H., &amp; McKelvey, B. (2006). Att anv\u00e4nda coevolution\u00e4ra teorier och komplexitetsteorier f\u00f6r att f\u00f6rb\u00e4ttra IS-anpassning: en flerniv\u00e5strategi. <em>Tidskrift f\u00f6r informationsteknik, 21<\/em>(4), ss: 284-298, doi:10.1057\/palgrave.jit.2000080.<\/a><\/p>\n\n\n\n<p style=\"margin-top:4px;margin-bottom:4px\"><a id=\"_ENREF_11\">Bente, S., Bombosch, U., &amp; Langade, S. (2012). <em>Samverkande f\u00f6retagsarkitektur: att berika EA med lean, agile och enterprise 2.0-metoder<\/em>: Morgan Kaufmann.<\/a><\/p>\n\n\n\n<p style=\"margin-top:4px;margin-bottom:4px\"><a id=\"_ENREF_12\">Berg van den, M., &amp; Steenbergen van, M. (2006). <em>Att bygga upp en praxis f\u00f6r f\u00f6retagsarkitektur: verktyg, tips, b\u00e4sta praxis, f\u00e4rdiga insikter<\/em>. Dordrecht: Springer.<\/a><\/p>\n\n\n\n<p style=\"margin-top:4px;margin-bottom:4px\"><a id=\"_ENREF_13\">Berg van den, M., &amp; Vliet van, H. (2014). <em>F\u00f6retagsarkitekter b\u00f6r f\u00f6lja pengarna.<\/em> Dokumentet presenterat p\u00e5 IEEE 16th Conference on Business Informatics.<\/a><\/p>\n\n\n\n<p style=\"margin-top:4px;margin-bottom:4px\"><a id=\"_ENREF_14\">Bloomberg, J., &amp; Schmelzer, R. (2013). F\u00f6retaget som komplext system <em>Den agila arkitekturrevolutionen<\/em>: John Wiley &amp; Sons, Inc.<\/a><\/p>\n\n\n\n<p style=\"margin-top:4px;margin-bottom:4px\"><a id=\"_ENREF_15\">Bredemeyer, D. (2002). <em>Vad som kr\u00e4vs f\u00f6r att vara bra i rollen som Enterprise Architect<\/em>. Dokumentet presenterat p\u00e5 Enterprise Architecture Conference, oktober 2002.<\/a><\/p>\n\n\n\n<p style=\"margin-top:4px;margin-bottom:4px\"><a id=\"_ENREF_16\">Bredemeyer, D., &amp; Malan, R. (2004). Vad som kr\u00e4vs f\u00f6r att bli en bra Enterprise Architect. <em>F\u00f6retagsarkitektur 7(8). Cutter-konsortiets verkst\u00e4llande rapport<\/em>.<\/a><\/p>\n\n\n\n<p style=\"margin-top:4px;margin-bottom:4px\"><a id=\"_ENREF_17\">Brynjolfsson, E. (1993). Informationsteknikens produktivitetsparadox (Vol. 36, s. 67-77). New York, USA: Association for Computing Machinery.<\/a><\/p>\n\n\n\n<p style=\"margin-top:4px;margin-bottom:4px\"><a id=\"_ENREF_18\">Burton, B. (2010). <em>Resultat fr\u00e5n seminarium om f\u00f6retagsarkitektur: De st\u00f6rsta EA-utmaningarna.<\/em> Gartner Group.<\/a><\/p>\n\n\n\n<p style=\"margin-top:4px;margin-bottom:4px\"><a id=\"_ENREF_19\">Bytheway, A. (2014). <em>Att investera i information: Kunskapsbasen f\u00f6r informationshantering<\/em>. Cham: Springer.<\/a><\/p>\n\n\n\n<p style=\"margin-top:4px;margin-bottom:4px\"><a id=\"_ENREF_20\">CAEAP. (2012). <em>Enterprisearkitektur: En guide f\u00f6r professionell praxis.<\/em> Center for the Advancement of the Enterprise Architecture Profession.<\/a><\/p>\n\n\n\n<p style=\"margin-top:4px;margin-bottom:4px\"><a id=\"_ENREF_21\">CAEAP. (2014). <em>Doktrin f\u00f6r f\u00f6retagsarkitektur.<\/em> Center for the Advancement of the Enterprise Architecture Profession.<\/a><\/p>\n\n\n\n<p style=\"margin-top:4px;margin-bottom:4px\"><a id=\"_ENREF_22\">Chan, Y. E. (2002). Varf\u00f6r har vi inte bem\u00e4strat alignment? Betydelsen av den informella organisationsstrukturen. <em>MIS Quarterly Executive Vol. 1 No. 2.<\/em>, ss: 97-112.<\/a><\/p>\n\n\n\n<p style=\"margin-top:4px;margin-bottom:4px\"><a id=\"_ENREF_23\">Chan, Y. E., &amp; Reich, B. H. (2007). IT-inriktning: vad har vi l\u00e4rt oss? <em>Tidskrift f\u00f6r informationsteknik, 22<\/em>(4), ss: 297-315, doi:10.1057\/palgrave.jit.2000109.<\/a><\/p>\n\n\n\n<p style=\"margin-top:4px;margin-bottom:4px\"><a id=\"_ENREF_24\">Crant, J. M., &amp; Bateman, T. S. (2000). Karismatiskt ledarskap sett fr\u00e5n ovan: Effekten av proaktiv personlighet. <em>Journal of Organizational Behavior, 21<\/em>(1), ss: 63-75, doi:10.1002\/(SICI)1099-1379(200002)21:13.0.CO;2-J.<\/a><\/p>\n\n\n\n<p style=\"margin-top:4px;margin-bottom:4px\"><a id=\"_ENREF_25\">Dencker, K., &amp; Fasth, \u00c5. (2009). <em>En modell f\u00f6r bed\u00f6mning av proaktivitetspotentialen i tekniska resurser.<\/em> Dokumentet presenterat p\u00e5 6th International Conference on Digital Enterprise Technology, Hong Kong.<\/a><\/p>\n\n\n\n<p style=\"margin-top:4px;margin-bottom:4px\"><a id=\"_ENREF_26\">Dent, G. W. J. (2009). Aff\u00e4rsjurister som f\u00f6retagsarkitekter. <em>Aff\u00e4rsjurist, 64<\/em>(2), ss: 279-328.<\/a><\/p>\n\n\n\n<p style=\"margin-top:4px;margin-bottom:4px\"><a id=\"_ENREF_27\">Desouza, K. C. (2005). Scenariohantering fr\u00e5n reaktivitet till proaktivitet. <em>IT-professionell, 7<\/em>(5), ss: 42-48, doi:10.1109\/MITP.2005.123.<\/a><\/p>\n\n\n\n<p style=\"margin-top:4px;margin-bottom:4px\"><a id=\"_ENREF_28\">Dikkers, J. S. E., Vinkenburg, C. J., Lange, A. H. d., Jansen, P. G. W., &amp; Kooij, T. A. M. (2010). Proaktivitet, jobbegenskaper och engagemang: en longitudinell studie. <em>Karri\u00e4rutveckling International, 15<\/em>(1), ss: 59-77.<\/a><\/p>\n\n\n\n<p style=\"margin-top:4px;margin-bottom:4px\"><a id=\"_ENREF_29\">Eyre, E. (2012). <em>Proaktivitet kontra lojalitet.<\/em> Ely: Fenman Limited.<\/a><\/p>\n\n\n\n<p style=\"margin-top:4px;margin-bottom:4px\"><a id=\"_ENREF_30\">Fox, M., &amp; Kemp, M. (2009). <em>Interaktiv arkitektur<\/em>. New York: Princeton Architectural Press.<\/a><\/p>\n\n\n\n<p style=\"margin-top:4px;margin-bottom:4px\"><a id=\"_ENREF_31\">Frese, M., Kring, W., Soose, A., &amp; Zempel, J. (1996). Personliga initiativ p\u00e5 jobbet: Skillnader mellan \u00d6st- och V\u00e4sttyskland. <em>The Academy of Management Journal, 39<\/em>(1), ss: 37-63.<\/a><\/p>\n\n\n\n<p style=\"margin-top:4px;margin-bottom:4px\"><a id=\"_ENREF_32\">Grant, A. M., &amp; Ashford, S. J. (2008). Dynamiken i proaktivitet p\u00e5 jobbet. <em>Forskning inom organisatoriskt beteende, 28<\/em>, ss: 3-34, doi:10.1016\/j.riob.2008.04.002.<\/a><\/p>\n\n\n\n<p style=\"margin-top:4px;margin-bottom:4px\"><a id=\"_ENREF_33\">G\u00f8tze, J. (2011). <em>Journal of Enterprice Architecture, februari 2011, volym 7, nummer 1.<\/em><\/a><em><\/em><\/p>\n\n\n\n<p style=\"margin-top:4px;margin-bottom:4px\"><a id=\"_ENREF_34\">G\u00f8tze, J. (2012). <em>Journal of Enterprise Architecture, maj 2012, volym 8, nummer 2.<\/em><\/a><em><\/em><\/p>\n\n\n\n<p style=\"margin-top:4px;margin-bottom:4px\"><a id=\"_ENREF_35\">G\u00f8tze, J. (2013). <em>F\u00f6retagsarkitektens f\u00f6r\u00e4ndrade roll.<\/em> Dokumentet presenterat p\u00e5 Proceedings - IEEE International Enterprise Distributed Object Computing Workshop, EDOC.<\/a><\/p>\n\n\n\n<p style=\"margin-top:4px;margin-bottom:4px\"><a id=\"_ENREF_36\">Harris, R. L. (2004). IT-kostnadsbesparingar: Trender i skyttegravarna. <em>Business Communications Review, 34<\/em>(1), ss: 47-49.<\/a><\/p>\n\n\n\n<p style=\"margin-top:4px;margin-bottom:4px\"><a id=\"_ENREF_37\">Henderson, J. C., &amp; Venkatraman, H. (1999). Strategisk anpassning: Utnyttja informationsteknik f\u00f6r att f\u00f6r\u00e4ndra organisationer. <em>IBM Systems Journal, 38<\/em>(2\/3), ss: 472-484, doi:10.1147\/SJ.1999.5387096.<\/a><\/p>\n\n\n\n<p style=\"margin-top:4px;margin-bottom:4px\"><a id=\"_ENREF_38\">Hoffman, T. (1988). Strategi f\u00f6r f\u00f6retags informationssystem. <em>Informationssystem i praktik och teori. IFIP 1998<\/em>, ss: 28-36.<\/a><\/p>\n\n\n\n<p style=\"margin-top:4px;margin-bottom:4px\"><a id=\"_ENREF_39\">Hsin-Ke, L., &amp; Peng-Chun, L. (2012, 22-24 juni 2012). <em>En studie av kompetensen hos f\u00f6retagsarkitekter inom h\u00f6gre utbildning.<\/em> Dokumentet presenterat p\u00e5 Software Engineering and Service Science (ICSESS).<\/a><\/p>\n\n\n\n<p style=\"margin-top:4px;margin-bottom:4px\"><a id=\"_ENREF_40\">IASA. (2012). IT-relaterade arkitektroller i Sverige. <\/a><a href=\"http:\/\/www.iasa.se\/wp-content\/uploads\/2012\/05\/IASA-Arkitektroller-2012.pdf\">http:\/\/www.iasa.se\/wp-content\/uploads\/2012\/05\/IASA-Arkitektroller-2012.pdf<\/a><\/p>\n\n\n\n<p style=\"margin-top:4px;margin-bottom:4px\"><a id=\"_ENREF_41\">Kakabadse, A. (1984). <em>Ledningens politik<\/em>. Aldershot: Gower.<\/a><\/p>\n\n\n\n<p style=\"margin-top:4px;margin-bottom:4px\"><a id=\"_ENREF_42\">Kammeyer-Mueller, J. D., &amp; Wanberg, C. R. (2003). Unwrapping the Organizational Entry Process: Disentangling Multiple Antecedents and Their Pathways to Adjustment. <em>Tidskrift f\u00f6r till\u00e4mpad psykologi, 88<\/em>(5), ss: 779-794, doi:10.1037\/0021-9010.88.5.779.<\/a><\/p>\n\n\n\n<p style=\"margin-top:4px;margin-bottom:4px\"><a id=\"_ENREF_43\">Kotusev, S., Singh, M., &amp; Storey, I. (2015). <em>Konsolidering av forskning om hantering av f\u00f6retagsarkitektur<\/em>. Dokumentet presenterat p\u00e5 2015 48th Hawaii International Conference on System Sciences.<\/a><\/p>\n\n\n\n<p style=\"margin-top:4px;margin-bottom:4px\"><a id=\"_ENREF_44\">Land Op 't, M., Proper, E., Waage, M., Cloo, J., &amp; Steghuis, C. (2009). <em>F\u00f6retagsarkitektur: skapa v\u00e4rde genom informerad styrning<\/em>. Berlin: Springer.<\/a><\/p>\n\n\n\n<p style=\"margin-top:4px;margin-bottom:4px\"><a id=\"_ENREF_45\">Lankhorst, M. (2013). <em>Enterprise Architecture p\u00e5 jobbet<\/em>. DE: Springer Verlag.<\/a><\/p>\n\n\n\n<p style=\"margin-top:4px;margin-bottom:4px\"><a id=\"_ENREF_46\">Luftman, J. (2000). Bed\u00f6mning av mognadsgrad f\u00f6r anpassning mellan f\u00f6retag och IT. <em>Communications of the Association for Information Systems, 4<\/em>(14), ss: 1-51.<\/a><\/p>\n\n\n\n<p style=\"margin-top:4px;margin-bottom:4px\"><a id=\"_ENREF_47\">Magoulas, T., Hadzic, A., Saarikko, T., &amp; Pessi, K. (2012). Anpassning i f\u00f6retagsarkitektur: Unders\u00f6kning av aspekterna av anpassning i arkitektoniska tillv\u00e4gag\u00e5ngss\u00e4tt. <em>Den elektroniska tidskriften Information Systems Evaluation, volym 15<\/em>(Utg\u00e5va 1), ss: 88-105.<\/a><\/p>\n\n\n\n<p style=\"margin-top:4px;margin-bottom:4px\"><a id=\"_ENREF_48\">Magoulas, T., &amp; Pessi, K. (1998). <em>Strategisk IT-hantering.<\/em> G\u00f6teborgs Universitet, G\u00f6teborg.<\/a><\/p>\n\n\n\n<p style=\"margin-top:4px;margin-bottom:4px\"><a id=\"_ENREF_49\">McGonagle, J. J., &amp; Vella, C. M. (2012). <em>Proaktiv intelligens: Den framg\u00e5ngsrika chefens guide till intelligens<\/em>: Springer Verlag London Limited.<\/a><\/p>\n\n\n\n<p style=\"margin-top:4px;margin-bottom:4px\"><a id=\"_ENREF_50\">McPhee, J. E. (2014). <em>Mastering Strategic Risk: Framework for Leading and Transforming Organizations (2:a upplagan)<\/em>. Somerset, NJ, USA: Wiley.<\/a><\/p>\n\n\n\n<p style=\"margin-top:4px;margin-bottom:4px\"><a id=\"_ENREF_51\">Meyers, M. P. (2012). Den sparsamma f\u00f6retagsarkitekten. <em>Tidskrift f\u00f6r f\u00f6retagsarkitektur<\/em>, ss: 48-56.<\/a><\/p>\n\n\n\n<p style=\"margin-top:4px;margin-bottom:4px\"><a id=\"_ENREF_52\">Nelson, H. G., &amp; Stolterman, E. (2012). <em>The design way: avsiktlig f\u00f6r\u00e4ndring i en of\u00f6ruts\u00e4gbar v\u00e4rld<\/em>. Cambridge, Massachusetts: MIT Press.<\/a><\/p>\n\n\n\n<p style=\"margin-top:4px;margin-bottom:4px\"><a id=\"_ENREF_53\">Nsubuga, W. M., Magoulas, T., &amp; Pessi, K. (2014). <em>F\u00f6rst\u00e5else av f\u00f6retagsarkitektens roll i ett proaktivt f\u00f6retagsutvecklingssammanhang.<\/em> Dokumentet presenterat p\u00e5 8th European Conference on IS Management and Evaluation: ECIME2014.<\/a><\/p>\n\n\n\n<p style=\"margin-top:4px;margin-bottom:4px\"><a id=\"_ENREF_54\">O'Donovan, G. (2011). <em>Solvens II: kommunikation med intressenter och f\u00f6r\u00e4ndring<\/em>. Burlington, Vt: Gower.<\/a><\/p>\n\n\n\n<p style=\"margin-top:4px;margin-bottom:4px\"><a id=\"_ENREF_55\">Oppenheim, B. W. (2011). Lean m\u00f6jligg\u00f6rare f\u00f6r systemteknik <em>Lean f\u00f6r systemteknik med Lean Enablers f\u00f6r systemteknik<\/em> (ss. 64-246): John Wiley &amp; Sons, Inc.<\/a><\/p>\n\n\n\n<p style=\"margin-top:4px;margin-bottom:4px\"><a id=\"_ENREF_56\">Ouriaghli, A., &amp; Nsubuga, W. M. (2012). F\u00f6retagsarkitektens roller i ett proaktivt f\u00f6retagsutvecklingssammanhang.<\/a><\/p>\n\n\n\n<p style=\"margin-top:4px;margin-bottom:4px\"><a id=\"_ENREF_57\">Pereira, C., &amp; Sousa, P. (2005, 2005). <em>F\u00f6retagsarkitektur: aff\u00e4rs- och IT-anpassning.<\/em> Dokumentet presenterat p\u00e5.<\/a><\/p>\n\n\n\n<p style=\"margin-top:4px;margin-bottom:4px\"><a id=\"_ENREF_58\">Perks, C., &amp; Beveridge, T. (2004). <em>Guide till f\u00f6retagets IT-arkitektur<\/em>. New York: Springer.<\/a><\/p>\n\n\n\n<p style=\"margin-top:4px;margin-bottom:4px\"><a id=\"_ENREF_59\">Pessi, K. (2009). <em>IT Management<\/em>: G\u00f6teborgs universitet \/ Chalmers tekniska h\u00f6gskola.<\/a><\/p>\n\n\n\n<p style=\"margin-top:4px;margin-bottom:4px\"><a id=\"_ENREF_60\">Potts, C. (2008). <em>FruITion: att skapa den ultimata f\u00f6retagsstrategin f\u00f6r informationsteknik<\/em>: Technics Publications.<\/a><\/p>\n\n\n\n<p style=\"margin-top:4px;margin-bottom:4px\"><a id=\"_ENREF_61\">Potts, C. (2013). Enterprise Architecture: en modig satsning. <em>Journal of Enterprise Architecture, 9<\/em>(3), ss: 1-6.<\/a><\/p>\n\n\n\n<p style=\"margin-top:4px;margin-bottom:4px\"><a id=\"_ENREF_62\">Reich, B. H., &amp; Benbasat, I. (2000). Faktorer som p\u00e5verkar den sociala dimensionen av anpassningen mellan aff\u00e4rs- och informationsteknologim\u00e5l. <em>MIS Quarterly, 24<\/em>(1), ss: 81-113.<\/a><\/p>\n\n\n\n<p style=\"margin-top:4px;margin-bottom:4px\"><a id=\"_ENREF_63\">Rishi, K. (2012). Reaktiv kontra proaktiv. <em>Utbildningsjournal<\/em>, ss: 42-45.<\/a><\/p>\n\n\n\n<p style=\"margin-top:4px;margin-bottom:4px\"><a id=\"_ENREF_64\">Roeleven, S., &amp; Broer, J. (2009). <em>Varf\u00f6r tv\u00e5 tredjedelar av Enterprise Architecture-projekten misslyckas.<\/em> Saarbr\u00fccken, Tyskland: IDS Scheer AG.<\/a><\/p>\n\n\n\n<p style=\"margin-top:4px;margin-bottom:4px\"><a id=\"_ENREF_65\">Ross, J. W. (2006). <em>F\u00f6retagsarkitektur: Att f\u00e5 ut aff\u00e4rsnytta av IT.<\/em> MIT Sloan CISR WP 359.<\/a><\/p>\n\n\n\n<p style=\"margin-top:4px;margin-bottom:4px\"><a id=\"_ENREF_66\">Sanker, D. (2012). <em>Samarbeta: konsten att g\u00f6ra vi<\/em>. San Francisco, Kalifornien: Jossey-Bass.<\/a><\/p>\n\n\n\n<p style=\"margin-top:4px;margin-bottom:4px\"><a id=\"_ENREF_67\">Sauer, C., &amp; Willcocks, L. (2004, 2004). <em>Strategic alignment revisited: koppling mellan organisationsarkitektur och IT-infrastruktur.<\/em> Dokumentet presenterat p\u00e5.<\/a><\/p>\n\n\n\n<p style=\"margin-top:4px;margin-bottom:4px\"><a id=\"_ENREF_68\">Short, J., &amp; Burke, B. (2010). <em>Best\u00e4mma r\u00e4tt storlek f\u00f6r ditt Enterprise Architecture Team.<\/em> Gartner Group.<\/a><\/p>\n\n\n\n<p style=\"margin-top:4px;margin-bottom:4px\"><a id=\"_ENREF_69\">Shpilberg, D., Berez, S., Puryear, R., &amp; Shah, S. (2007). Att undvika anpassningsf\u00e4llan inom informationsteknik. <em>MIT Sloan Management Review, Vol. 49. No. 1.<\/em>, ss: 51-58.<\/a><\/p>\n\n\n\n<p style=\"margin-top:4px;margin-bottom:4px\"><a id=\"_ENREF_70\">Sidorova, A., &amp; Kappelman, L. A. (2011). B\u00e4ttre aff\u00e4rs-IT-anpassning genom f\u00f6retagsarkitektur: Ett akt\u00f6r-n\u00e4tverksteoretiskt perspektiv. <em>Tidskrift f\u00f6r f\u00f6retagsarkitektur<\/em>, ss: 39-47.<\/a><\/p>\n\n\n\n<p style=\"margin-top:4px;margin-bottom:4px\"><a id=\"_ENREF_71\">Siedel, G., &amp; Haapio, H. (2011). <em>Proaktiv juridik f\u00f6r chefer: en dold k\u00e4lla till konkurrensf\u00f6rdelar<\/em>. Farnham: Gower.<\/a><\/p>\n\n\n\n<p style=\"margin-top:4px;margin-bottom:4px\"><a id=\"_ENREF_72\">Sinclair, J., &amp; Collins, D. (1992). Nya f\u00e4rdigheter f\u00f6r arbetare. <em>Leadership &amp; Organization Development Journal, 13<\/em>(3), ss: 2-32.<\/a><\/p>\n\n\n\n<p style=\"margin-top:4px;margin-bottom:4px\"><a id=\"_ENREF_73\">Smith, G. S. (2013). <em>Rakt till toppen: CIO-ledarskap i en mobil, social och molnbaserad v\u00e4rld, andra upplagan<\/em>. Hoboken, N.J: Wiley.<\/a><\/p>\n\n\n\n<p style=\"margin-top:4px;margin-bottom:4px\"><a id=\"_ENREF_74\">Soetekouw, A. A. (2010). <em>Inriktning reviderad.<\/em> Amsterdam: PrimaVera arbetsdokument 2010-03. Universiteit van Amsterdam. Institutionen f\u00f6r informationshantering.<\/a><\/p>\n\n\n\n<p style=\"margin-top:4px;margin-bottom:4px\"><a id=\"_ENREF_75\">Sonnentag, S. (2003). \u00c5terh\u00e4mtning, arbetsengagemang och proaktivt beteende: En ny syn p\u00e5 gr\u00e4nssnittet mellan icke-arbete och arbete. <em>Tidskrift f\u00f6r till\u00e4mpad psykologi, 88<\/em>(3), ss: 518-528, doi:10.1037\/0021-9010.88.3.518.<\/a><\/p>\n\n\n\n<p style=\"margin-top:4px;margin-bottom:4px\"><a id=\"_ENREF_76\">Steghuis, C., &amp; Proper, E. (2008). Kompetenser och ansvarsomr\u00e5den f\u00f6r f\u00f6retagsarkitekter - en tusenkonstn\u00e4r? I J. L. G. Dietz, A. Albani, &amp; J. Barjis (Eds.), <em>Framsteg inom f\u00f6retagsteknik I<\/em> (Vol. 10, ss. 93-107). Berlin, Heidelberg: Springer.<\/a><\/p>\n\n\n\n<p style=\"margin-top:4px;margin-bottom:4px\"><a id=\"_ENREF_77\">Steiber, A. (2014). <em>Google-modellen: Att hantera kontinuerlig innovation i en snabbt f\u00f6r\u00e4nderlig v\u00e4rld<\/em>. Cham: Springer International Publishing.<\/a><\/p>\n\n\n\n<p style=\"margin-top:4px;margin-bottom:4px\"><a id=\"_ENREF_78\">Strano, C., &amp; Rehmani, Q. (2007). F\u00f6retagsarkitektens roll. <em>Informationssystem och e-Business Management, 5<\/em>(4), ss: 379-396, doi:10.1007\/s10257-007-0053-1.<\/a><\/p>\n\n\n\n<p style=\"margin-top:4px;margin-bottom:4px\"><a id=\"_ENREF_79\">Sushil, &amp; Stohr, E. A. (2014). <em>Det flexibla f\u00f6retaget<\/em> (Vol. 1.; 1). New Delhi: Springer.<\/a><\/p>\n\n\n\n<p style=\"margin-top:4px;margin-bottom:4px\"><a id=\"_ENREF_80\">Tambouris, E., Zotou, M., Kalampokis, E., &amp; Tarabanis, K. (2012). Fr\u00e4mja utbildning och tr\u00e4ning i f\u00f6retagsarkitektur med kompetensramverket f\u00f6r f\u00f6retagsarkitektur. <em>International Journal of Training and Development, 16<\/em>(2), ss: 128-136, doi:10.1111\/j.1468-2419.2012.00400.x.<\/a><\/p>\n\n\n\n<p style=\"margin-top:4px;margin-bottom:4px\"><a id=\"_ENREF_81\">Tichy, N. M. (1982). Strategisk hantering av f\u00f6r\u00e4ndringar: De tekniska, politiska och kulturella nycklarna. <em>Organisationsdynamik, 11<\/em>(2), ss: 59-80, doi:10.1016\/0090-2616(82)90005-5.<\/a><\/p>\n\n\n\n<p style=\"margin-top:4px;margin-bottom:4px\"><a id=\"_ENREF_82\">Tushman, M. L., &amp; O'Reilly, C. A., III. (1996). Ambidextri\u00f6sa organisationer: Hantering av evolution\u00e4ra och revolution\u00e4ra f\u00f6r\u00e4ndringar. <em>Ledningens genomg\u00e5ng i Kalifornien, 38<\/em>(4), ss: 8-30.<\/a><\/p>\n\n\n\n<p style=\"margin-top:4px;margin-bottom:4px\"><a id=\"_ENREF_83\">Unde, A. (2008). Att bli arkitekt hos en systemintegrat\u00f6r. <em>Arkitekturjournalen, 2-6<\/em>.<\/a><\/p>\n\n\n\n<p style=\"margin-top:4px;margin-bottom:4px\"><a id=\"_ENREF_84\">Wagter, R., Proper, H. A., &amp; Witte, D. (2012). <em>F\u00f6retagsarkitektur: En strategisk specialitet<\/em>.<\/a><\/p>\n\n\n\n<p style=\"margin-top:4px;margin-bottom:4px\"><a id=\"_ENREF_85\">Weiner, I. B., Schmitt, N. W., &amp; Highhouse, S. (2012). <em>Handbok i psykologi: Industri- och organisationspsykologi<\/em> (Vol. 12): Wiley-Blackwell.<\/a><\/p>\n\n\n\n<p style=\"margin-top:4px;margin-bottom:4px\"><a id=\"_ENREF_86\">Whittle, R., &amp; Myrick, C. B. (2005). <em>Enterprise Business Architecture: den formella kopplingen mellan strategi och resultat<\/em>. Boca Raton, Florida: Auerbach Publications.<\/a><\/p>\n\n\n\n<p style=\"margin-top:4px;margin-bottom:4px\"><a id=\"_ENREF_87\">Wieringa, R., Eck van, P., Steghuis, C., &amp; Proper, E. (2009). <em>Kompetenser f\u00f6r IT-arkitekter, 2:a upplagan.<\/em> NAF - Nederl\u00e4ndernas arkitekturforum f\u00f6r den digitala v\u00e4rlden.<\/a><\/p>\n\n\n\n<p style=\"margin-top:4px;margin-bottom:4px\"><a id=\"_ENREF_88\">Zhigang, F., Dongmei, F., &amp; Yuan, S. (2012). <em>F\u00f6retagens strategiska flexibilitet p\u00e5verkar innovationsf\u00f6rm\u00e5gan: Baserat p\u00e5 ett dubbelt perspektiv av proaktiv och reaktiv.<\/em> Dokumentet presenterat p\u00e5 Industrial Engineering and Engineering Management (IEEM), 2012 IEEE International Conference on 10-13 Dec, 2012.<\/a><\/p>","protected":false},"excerpt":{"rendered":"<p>The Role When studying the topic of the role, the role description is essential with a focus on how the employee organization looks at the Enterprise Architect&#8217;s position, expectations for the role, measurable goals, utility mapping based on role and responsibilities. There is no standardized and generally accepted role description of the Enterprise Architect profession [&hellip;]<\/p>\n","protected":false},"author":2,"featured_media":0,"parent":138,"menu_order":0,"comment_status":"closed","ping_status":"closed","template":"page-with-title","meta":{"om_disable_all_campaigns":false,"_monsterinsights_skip_tracking":false,"_monsterinsights_sitenote_active":false,"_monsterinsights_sitenote_note":"","_monsterinsights_sitenote_category":0,"footnotes":""},"class_list":["post-146","page","type-page","status-publish","hentry"],"aioseo_notices":[],"_links":{"self":[{"href":"https:\/\/enterprisearkitekt.se\/sv\/wp-json\/wp\/v2\/pages\/146","targetHints":{"allow":["GET"]}}],"collection":[{"href":"https:\/\/enterprisearkitekt.se\/sv\/wp-json\/wp\/v2\/pages"}],"about":[{"href":"https:\/\/enterprisearkitekt.se\/sv\/wp-json\/wp\/v2\/types\/page"}],"author":[{"embeddable":true,"href":"https:\/\/enterprisearkitekt.se\/sv\/wp-json\/wp\/v2\/users\/2"}],"replies":[{"embeddable":true,"href":"https:\/\/enterprisearkitekt.se\/sv\/wp-json\/wp\/v2\/comments?post=146"}],"version-history":[{"count":0,"href":"https:\/\/enterprisearkitekt.se\/sv\/wp-json\/wp\/v2\/pages\/146\/revisions"}],"up":[{"embeddable":true,"href":"https:\/\/enterprisearkitekt.se\/sv\/wp-json\/wp\/v2\/pages\/138"}],"wp:attachment":[{"href":"https:\/\/enterprisearkitekt.se\/sv\/wp-json\/wp\/v2\/media?parent=146"}],"curies":[{"name":"wp","href":"https:\/\/api.w.org\/{rel}","templated":true}]}}